{"id":730,"date":"2021-05-15T19:48:44","date_gmt":"2021-05-15T17:48:44","guid":{"rendered":"http:\/\/parafia-janow.pl\/?page_id=730"},"modified":"2021-06-04T20:27:14","modified_gmt":"2021-06-04T18:27:14","slug":"boze-cialo-2020","status":"publish","type":"page","link":"https:\/\/parafia-janow.pl\/index.php\/galeria\/boze-cialo-2020\/","title":{"rendered":"Bo\u017ce Cia\u0142o 2020"},"content":{"rendered":"\t\t<div data-elementor-type=\"wp-page\" data-elementor-id=\"730\" class=\"elementor elementor-730\" data-elementor-post-type=\"page\">\n\t\t\t\t\t\t<section class=\"elementor-section elementor-top-section elementor-element elementor-element-520d23f elementor-section-boxed elementor-section-height-default elementor-section-height-default\" data-id=\"520d23f\" data-element_type=\"section\" data-e-type=\"section\">\n\t\t\t\t\t\t<div class=\"elementor-container elementor-column-gap-default\">\n\t\t\t\t\t<div class=\"elementor-column elementor-col-100 elementor-top-column elementor-element elementor-element-9b171da\" data-id=\"9b171da\" data-element_type=\"column\" data-e-type=\"column\">\n\t\t\t<div class=\"elementor-widget-wrap elementor-element-populated\">\n\t\t\t\t\t\t<div class=\"elementor-element elementor-element-62961c2 elementor-widget elementor-widget-video\" data-id=\"62961c2\" data-element_type=\"widget\" data-e-type=\"widget\" data-settings=\"{&quot;youtube_url&quot;:&quot;https:\\\/\\\/youtu.be\\\/SApO8ggMrUk&quot;,&quot;video_type&quot;:&quot;youtube&quot;,&quot;controls&quot;:&quot;yes&quot;}\" data-widget_type=\"video.default\">\n\t\t\t\t<div class=\"elementor-widget-container\">\n\t\t\t\t\t\t\t<div class=\"elementor-wrapper elementor-open-inline\">\n\t\t\t<div class=\"elementor-video\"><\/div>\t\t<\/div>\n\t\t\t\t\t\t<\/div>\n\t\t\t\t<\/div>\n\t\t\t\t\t<\/div>\n\t\t<\/div>\n\t\t\t\t\t<\/div>\n\t\t<\/section>\n\t\t\t\t<section class=\"elementor-section elementor-top-section elementor-element elementor-element-383fad8 elementor-section-boxed elementor-section-height-default elementor-section-height-default\" data-id=\"383fad8\" data-element_type=\"section\" data-e-type=\"section\">\n\t\t\t\t\t\t<div class=\"elementor-container elementor-column-gap-default\">\n\t\t\t\t\t<div class=\"elementor-column elementor-col-100 elementor-top-column elementor-element elementor-element-35ad447\" data-id=\"35ad447\" data-element_type=\"column\" data-e-type=\"column\">\n\t\t\t<div class=\"elementor-widget-wrap elementor-element-populated\">\n\t\t\t\t\t\t<div class=\"elementor-element elementor-element-c5ab431 elementor-widget elementor-widget-heading\" data-id=\"c5ab431\" data-element_type=\"widget\" data-e-type=\"widget\" data-widget_type=\"heading.default\">\n\t\t\t\t<div class=\"elementor-widget-container\">\n\t\t\t\t\t<h3 class=\"elementor-heading-title elementor-size-default\">Przygotowania do uroczysto\u015bci Bo\u017cego Cia\u0142a 2020<\/h3>\t\t\t\t<\/div>\n\t\t\t\t<\/div>\n\t\t\t\t<div class=\"elementor-element elementor-element-f9dde4b elementor-widget elementor-widget-gallery\" data-id=\"f9dde4b\" data-element_type=\"widget\" data-e-type=\"widget\" data-settings=\"{&quot;lazyload&quot;:&quot;yes&quot;,&quot;gallery_layout&quot;:&quot;grid&quot;,&quot;columns&quot;:4,&quot;columns_tablet&quot;:2,&quot;columns_mobile&quot;:1,&quot;gap&quot;:{&quot;unit&quot;:&quot;px&quot;,&quot;size&quot;:10,&quot;sizes&quot;:[]},&quot;gap_tablet&quot;:{&quot;unit&quot;:&quot;px&quot;,&quot;size&quot;:10,&quot;sizes&quot;:[]},&quot;gap_mobile&quot;:{&quot;unit&quot;:&quot;px&quot;,&quot;size&quot;:10,&quot;sizes&quot;:[]},&quot;link_to&quot;:&quot;file&quot;,&quot;aspect_ratio&quot;:&quot;3:2&quot;,&quot;overlay_background&quot;:&quot;yes&quot;,&quot;content_hover_animation&quot;:&quot;fade-in&quot;}\" data-widget_type=\"gallery.default\">\n\t\t\t\t<div class=\"elementor-widget-container\">\n\t\t\t\t\t\t\t<div class=\"elementor-gallery__container\">\r\n\t\t\t\t\t\t\t<a class=\"e-gallery-item elementor-gallery-item elementor-animated-content\" href=\"https:\/\/parafia-janow.pl\/wp-content\/uploads\/2021\/05\/Boze_Cialo_przygotowania025-scaled.jpg\" data-elementor-open-lightbox=\"yes\" data-elementor-lightbox-slideshow=\"f9dde4b\" data-elementor-lightbox-title=\"Boze_Cialo_przygotowania025\" data-e-action-hash=\"#elementor-action%3Aaction%3Dlightbox%26settings%3DeyJpZCI6NjQyLCJ1cmwiOiJodHRwczpcL1wvcGFyYWZpYS1qYW5vdy5wbFwvd3AtY29udGVudFwvdXBsb2Fkc1wvMjAyMVwvMDVcL0JvemVfQ2lhbG9fcHJ6eWdvdG93YW5pYTAyNS1zY2FsZWQuanBnIiwic2xpZGVzaG93IjoiZjlkZGU0YiJ9\">\r\n\t\t\t\t\t<div class=\"e-gallery-image elementor-gallery-item__image\" data-thumbnail=\"https:\/\/parafia-janow.pl\/wp-content\/uploads\/2021\/05\/Boze_Cialo_przygotowania025-300x200.jpg\" data-width=\"300\" data-height=\"200\" aria-label=\"\" role=\"img\" ><\/div>\r\n\t\t\t\t\t\t\t\t\t\t\t<div class=\"elementor-gallery-item__overlay\"><\/div>\r\n\t\t\t\t\t\t\t\t\t\t\t\t\t\t<\/a>\r\n\t\t\t\t\t\t\t<a class=\"e-gallery-item elementor-gallery-item elementor-animated-content\" href=\"https:\/\/parafia-janow.pl\/wp-content\/uploads\/2021\/05\/Boze_Cialo_przygotowania024-scaled.jpg\" data-elementor-open-lightbox=\"yes\" data-elementor-lightbox-slideshow=\"f9dde4b\" data-elementor-lightbox-title=\"Boze_Cialo_przygotowania024\" data-e-action-hash=\"#elementor-action%3Aaction%3Dlightbox%26settings%3DeyJpZCI6NjQxLCJ1cmwiOiJodHRwczpcL1wvcGFyYWZpYS1qYW5vdy5wbFwvd3AtY29udGVudFwvdXBsb2Fkc1wvMjAyMVwvMDVcL0JvemVfQ2lhbG9fcHJ6eWdvdG93YW5pYTAyNC1zY2FsZWQuanBnIiwic2xpZGVzaG93IjoiZjlkZGU0YiJ9\">\r\n\t\t\t\t\t<div class=\"e-gallery-image elementor-gallery-item__image\" data-thumbnail=\"https:\/\/parafia-janow.pl\/wp-content\/uploads\/2021\/05\/Boze_Cialo_przygotowania024-200x300.jpg\" data-width=\"200\" data-height=\"300\" aria-label=\"\" role=\"img\" ><\/div>\r\n\t\t\t\t\t\t\t\t\t\t\t<div class=\"elementor-gallery-item__overlay\"><\/div>\r\n\t\t\t\t\t\t\t\t\t\t\t\t\t\t<\/a>\r\n\t\t\t\t\t\t\t<a class=\"e-gallery-item elementor-gallery-item elementor-animated-content\" href=\"https:\/\/parafia-janow.pl\/wp-content\/uploads\/2021\/05\/Boze_Cialo_przygotowania023-scaled.jpg\" data-elementor-open-lightbox=\"yes\" data-elementor-lightbox-slideshow=\"f9dde4b\" data-elementor-lightbox-title=\"Boze_Cialo_przygotowania023\" data-e-action-hash=\"#elementor-action%3Aaction%3Dlightbox%26settings%3DeyJpZCI6NjQwLCJ1cmwiOiJodHRwczpcL1wvcGFyYWZpYS1qYW5vdy5wbFwvd3AtY29udGVudFwvdXBsb2Fkc1wvMjAyMVwvMDVcL0JvemVfQ2lhbG9fcHJ6eWdvdG93YW5pYTAyMy1zY2FsZWQuanBnIiwic2xpZGVzaG93IjoiZjlkZGU0YiJ9\">\r\n\t\t\t\t\t<div class=\"e-gallery-image elementor-gallery-item__image\" data-thumbnail=\"https:\/\/parafia-janow.pl\/wp-content\/uploads\/2021\/05\/Boze_Cialo_przygotowania023-300x200.jpg\" data-width=\"300\" data-height=\"200\" aria-label=\"\" role=\"img\" ><\/div>\r\n\t\t\t\t\t\t\t\t\t\t\t<div class=\"elementor-gallery-item__overlay\"><\/div>\r\n\t\t\t\t\t\t\t\t\t\t\t\t\t\t<\/a>\r\n\t\t\t\t\t\t\t<a class=\"e-gallery-item elementor-gallery-item elementor-animated-content\" href=\"https:\/\/parafia-janow.pl\/wp-content\/uploads\/2021\/05\/Boze_Cialo_przygotowania022-scaled.jpg\" data-elementor-open-lightbox=\"yes\" data-elementor-lightbox-slideshow=\"f9dde4b\" data-elementor-lightbox-title=\"Boze_Cialo_przygotowania022\" data-e-action-hash=\"#elementor-action%3Aaction%3Dlightbox%26settings%3DeyJpZCI6NjM5LCJ1cmwiOiJodHRwczpcL1wvcGFyYWZpYS1qYW5vdy5wbFwvd3AtY29udGVudFwvdXBsb2Fkc1wvMjAyMVwvMDVcL0JvemVfQ2lhbG9fcHJ6eWdvdG93YW5pYTAyMi1zY2FsZWQuanBnIiwic2xpZGVzaG93IjoiZjlkZGU0YiJ9\">\r\n\t\t\t\t\t<div class=\"e-gallery-image elementor-gallery-item__image\" data-thumbnail=\"https:\/\/parafia-janow.pl\/wp-content\/uploads\/2021\/05\/Boze_Cialo_przygotowania022-200x300.jpg\" data-width=\"200\" data-height=\"300\" aria-label=\"\" role=\"img\" ><\/div>\r\n\t\t\t\t\t\t\t\t\t\t\t<div class=\"elementor-gallery-item__overlay\"><\/div>\r\n\t\t\t\t\t\t\t\t\t\t\t\t\t\t<\/a>\r\n\t\t\t\t\t\t\t<a class=\"e-gallery-item elementor-gallery-item elementor-animated-content\" href=\"https:\/\/parafia-janow.pl\/wp-content\/uploads\/2021\/05\/Boze_Cialo_przygotowania021-scaled.jpg\" data-elementor-open-lightbox=\"yes\" data-elementor-lightbox-slideshow=\"f9dde4b\" data-elementor-lightbox-title=\"Boze_Cialo_przygotowania021\" data-e-action-hash=\"#elementor-action%3Aaction%3Dlightbox%26settings%3DeyJpZCI6NjM4LCJ1cmwiOiJodHRwczpcL1wvcGFyYWZpYS1qYW5vdy5wbFwvd3AtY29udGVudFwvdXBsb2Fkc1wvMjAyMVwvMDVcL0JvemVfQ2lhbG9fcHJ6eWdvdG93YW5pYTAyMS1zY2FsZWQuanBnIiwic2xpZGVzaG93IjoiZjlkZGU0YiJ9\">\r\n\t\t\t\t\t<div class=\"e-gallery-image elementor-gallery-item__image\" data-thumbnail=\"https:\/\/parafia-janow.pl\/wp-content\/uploads\/2021\/05\/Boze_Cialo_przygotowania021-200x300.jpg\" data-width=\"200\" data-height=\"300\" aria-label=\"\" role=\"img\" ><\/div>\r\n\t\t\t\t\t\t\t\t\t\t\t<div class=\"elementor-gallery-item__overlay\"><\/div>\r\n\t\t\t\t\t\t\t\t\t\t\t\t\t\t<\/a>\r\n\t\t\t\t\t\t\t<a class=\"e-gallery-item elementor-gallery-item elementor-animated-content\" href=\"https:\/\/parafia-janow.pl\/wp-content\/uploads\/2021\/05\/Boze_Cialo_przygotowania020-scaled.jpg\" data-elementor-open-lightbox=\"yes\" data-elementor-lightbox-slideshow=\"f9dde4b\" data-elementor-lightbox-title=\"Boze_Cialo_przygotowania020\" data-e-action-hash=\"#elementor-action%3Aaction%3Dlightbox%26settings%3DeyJpZCI6NjM3LCJ1cmwiOiJodHRwczpcL1wvcGFyYWZpYS1qYW5vdy5wbFwvd3AtY29udGVudFwvdXBsb2Fkc1wvMjAyMVwvMDVcL0JvemVfQ2lhbG9fcHJ6eWdvdG93YW5pYTAyMC1zY2FsZWQuanBnIiwic2xpZGVzaG93IjoiZjlkZGU0YiJ9\">\r\n\t\t\t\t\t<div class=\"e-gallery-image elementor-gallery-item__image\" data-thumbnail=\"https:\/\/parafia-janow.pl\/wp-content\/uploads\/2021\/05\/Boze_Cialo_przygotowania020-200x300.jpg\" data-width=\"200\" data-height=\"300\" aria-label=\"\" role=\"img\" ><\/div>\r\n\t\t\t\t\t\t\t\t\t\t\t<div class=\"elementor-gallery-item__overlay\"><\/div>\r\n\t\t\t\t\t\t\t\t\t\t\t\t\t\t<\/a>\r\n\t\t\t\t\t\t\t<a class=\"e-gallery-item elementor-gallery-item elementor-animated-content\" href=\"https:\/\/parafia-janow.pl\/wp-content\/uploads\/2021\/05\/Boze_Cialo_przygotowania019-scaled.jpg\" data-elementor-open-lightbox=\"yes\" data-elementor-lightbox-slideshow=\"f9dde4b\" data-elementor-lightbox-title=\"Boze_Cialo_przygotowania019\" data-e-action-hash=\"#elementor-action%3Aaction%3Dlightbox%26settings%3DeyJpZCI6NjM2LCJ1cmwiOiJodHRwczpcL1wvcGFyYWZpYS1qYW5vdy5wbFwvd3AtY29udGVudFwvdXBsb2Fkc1wvMjAyMVwvMDVcL0JvemVfQ2lhbG9fcHJ6eWdvdG93YW5pYTAxOS1zY2FsZWQuanBnIiwic2xpZGVzaG93IjoiZjlkZGU0YiJ9\">\r\n\t\t\t\t\t<div class=\"e-gallery-image elementor-gallery-item__image\" data-thumbnail=\"https:\/\/parafia-janow.pl\/wp-content\/uploads\/2021\/05\/Boze_Cialo_przygotowania019-200x300.jpg\" data-width=\"200\" data-height=\"300\" aria-label=\"\" role=\"img\" ><\/div>\r\n\t\t\t\t\t\t\t\t\t\t\t<div class=\"elementor-gallery-item__overlay\"><\/div>\r\n\t\t\t\t\t\t\t\t\t\t\t\t\t\t<\/a>\r\n\t\t\t\t\t\t\t<a class=\"e-gallery-item elementor-gallery-item elementor-animated-content\" href=\"https:\/\/parafia-janow.pl\/wp-content\/uploads\/2021\/05\/Boze_Cialo_przygotowania012-scaled.jpg\" data-elementor-open-lightbox=\"yes\" data-elementor-lightbox-slideshow=\"f9dde4b\" data-elementor-lightbox-title=\"Boze_Cialo_przygotowania012\" data-e-action-hash=\"#elementor-action%3Aaction%3Dlightbox%26settings%3DeyJpZCI6NjI5LCJ1cmwiOiJodHRwczpcL1wvcGFyYWZpYS1qYW5vdy5wbFwvd3AtY29udGVudFwvdXBsb2Fkc1wvMjAyMVwvMDVcL0JvemVfQ2lhbG9fcHJ6eWdvdG93YW5pYTAxMi1zY2FsZWQuanBnIiwic2xpZGVzaG93IjoiZjlkZGU0YiJ9\">\r\n\t\t\t\t\t<div class=\"e-gallery-image elementor-gallery-item__image\" data-thumbnail=\"https:\/\/parafia-janow.pl\/wp-content\/uploads\/2021\/05\/Boze_Cialo_przygotowania012-300x200.jpg\" data-width=\"300\" data-height=\"200\" aria-label=\"\" role=\"img\" ><\/div>\r\n\t\t\t\t\t\t\t\t\t\t\t<div class=\"elementor-gallery-item__overlay\"><\/div>\r\n\t\t\t\t\t\t\t\t\t\t\t\t\t\t<\/a>\r\n\t\t\t\t\t\t\t<a class=\"e-gallery-item elementor-gallery-item elementor-animated-content\" href=\"https:\/\/parafia-janow.pl\/wp-content\/uploads\/2021\/05\/Boze_Cialo_przygotowania013-scaled.jpg\" data-elementor-open-lightbox=\"yes\" data-elementor-lightbox-slideshow=\"f9dde4b\" data-elementor-lightbox-title=\"Boze_Cialo_przygotowania013\" data-e-action-hash=\"#elementor-action%3Aaction%3Dlightbox%26settings%3DeyJpZCI6NjMwLCJ1cmwiOiJodHRwczpcL1wvcGFyYWZpYS1qYW5vdy5wbFwvd3AtY29udGVudFwvdXBsb2Fkc1wvMjAyMVwvMDVcL0JvemVfQ2lhbG9fcHJ6eWdvdG93YW5pYTAxMy1zY2FsZWQuanBnIiwic2xpZGVzaG93IjoiZjlkZGU0YiJ9\">\r\n\t\t\t\t\t<div class=\"e-gallery-image elementor-gallery-item__image\" data-thumbnail=\"https:\/\/parafia-janow.pl\/wp-content\/uploads\/2021\/05\/Boze_Cialo_przygotowania013-300x200.jpg\" data-width=\"300\" data-height=\"200\" aria-label=\"\" role=\"img\" ><\/div>\r\n\t\t\t\t\t\t\t\t\t\t\t<div class=\"elementor-gallery-item__overlay\"><\/div>\r\n\t\t\t\t\t\t\t\t\t\t\t\t\t\t<\/a>\r\n\t\t\t\t\t\t\t<a class=\"e-gallery-item elementor-gallery-item elementor-animated-content\" href=\"https:\/\/parafia-janow.pl\/wp-content\/uploads\/2021\/05\/Boze_Cialo_przygotowania014-scaled.jpg\" data-elementor-open-lightbox=\"yes\" data-elementor-lightbox-slideshow=\"f9dde4b\" data-elementor-lightbox-title=\"Boze_Cialo_przygotowania014\" data-e-action-hash=\"#elementor-action%3Aaction%3Dlightbox%26settings%3DeyJpZCI6NjMxLCJ1cmwiOiJodHRwczpcL1wvcGFyYWZpYS1qYW5vdy5wbFwvd3AtY29udGVudFwvdXBsb2Fkc1wvMjAyMVwvMDVcL0JvemVfQ2lhbG9fcHJ6eWdvdG93YW5pYTAxNC1zY2FsZWQuanBnIiwic2xpZGVzaG93IjoiZjlkZGU0YiJ9\">\r\n\t\t\t\t\t<div class=\"e-gallery-image elementor-gallery-item__image\" data-thumbnail=\"https:\/\/parafia-janow.pl\/wp-content\/uploads\/2021\/05\/Boze_Cialo_przygotowania014-300x200.jpg\" data-width=\"300\" data-height=\"200\" aria-label=\"\" role=\"img\" ><\/div>\r\n\t\t\t\t\t\t\t\t\t\t\t<div class=\"elementor-gallery-item__overlay\"><\/div>\r\n\t\t\t\t\t\t\t\t\t\t\t\t\t\t<\/a>\r\n\t\t\t\t\t\t\t<a class=\"e-gallery-item elementor-gallery-item elementor-animated-content\" href=\"https:\/\/parafia-janow.pl\/wp-content\/uploads\/2021\/05\/Boze_Cialo_przygotowania015-scaled.jpg\" data-elementor-open-lightbox=\"yes\" data-elementor-lightbox-slideshow=\"f9dde4b\" data-elementor-lightbox-title=\"Boze_Cialo_przygotowania015\" data-e-action-hash=\"#elementor-action%3Aaction%3Dlightbox%26settings%3DeyJpZCI6NjMyLCJ1cmwiOiJodHRwczpcL1wvcGFyYWZpYS1qYW5vdy5wbFwvd3AtY29udGVudFwvdXBsb2Fkc1wvMjAyMVwvMDVcL0JvemVfQ2lhbG9fcHJ6eWdvdG93YW5pYTAxNS1zY2FsZWQuanBnIiwic2xpZGVzaG93IjoiZjlkZGU0YiJ9\">\r\n\t\t\t\t\t<div class=\"e-gallery-image elementor-gallery-item__image\" data-thumbnail=\"https:\/\/parafia-janow.pl\/wp-content\/uploads\/2021\/05\/Boze_Cialo_przygotowania015-300x200.jpg\" data-width=\"300\" data-height=\"200\" aria-label=\"\" role=\"img\" ><\/div>\r\n\t\t\t\t\t\t\t\t\t\t\t<div class=\"elementor-gallery-item__overlay\"><\/div>\r\n\t\t\t\t\t\t\t\t\t\t\t\t\t\t<\/a>\r\n\t\t\t\t\t\t\t<a class=\"e-gallery-item elementor-gallery-item elementor-animated-content\" href=\"https:\/\/parafia-janow.pl\/wp-content\/uploads\/2021\/05\/Boze_Cialo_przygotowania016-scaled.jpg\" data-elementor-open-lightbox=\"yes\" data-elementor-lightbox-slideshow=\"f9dde4b\" data-elementor-lightbox-title=\"Boze_Cialo_przygotowania016\" data-e-action-hash=\"#elementor-action%3Aaction%3Dlightbox%26settings%3DeyJpZCI6NjMzLCJ1cmwiOiJodHRwczpcL1wvcGFyYWZpYS1qYW5vdy5wbFwvd3AtY29udGVudFwvdXBsb2Fkc1wvMjAyMVwvMDVcL0JvemVfQ2lhbG9fcHJ6eWdvdG93YW5pYTAxNi1zY2FsZWQuanBnIiwic2xpZGVzaG93IjoiZjlkZGU0YiJ9\">\r\n\t\t\t\t\t<div class=\"e-gallery-image elementor-gallery-item__image\" data-thumbnail=\"https:\/\/parafia-janow.pl\/wp-content\/uploads\/2021\/05\/Boze_Cialo_przygotowania016-300x200.jpg\" data-width=\"300\" data-height=\"200\" aria-label=\"\" role=\"img\" ><\/div>\r\n\t\t\t\t\t\t\t\t\t\t\t<div class=\"elementor-gallery-item__overlay\"><\/div>\r\n\t\t\t\t\t\t\t\t\t\t\t\t\t\t<\/a>\r\n\t\t\t\t\t\t\t<a class=\"e-gallery-item elementor-gallery-item elementor-animated-content\" href=\"https:\/\/parafia-janow.pl\/wp-content\/uploads\/2021\/05\/Boze_Cialo_przygotowania017-scaled.jpg\" data-elementor-open-lightbox=\"yes\" data-elementor-lightbox-slideshow=\"f9dde4b\" data-elementor-lightbox-title=\"Boze_Cialo_przygotowania017\" data-e-action-hash=\"#elementor-action%3Aaction%3Dlightbox%26settings%3DeyJpZCI6NjM0LCJ1cmwiOiJodHRwczpcL1wvcGFyYWZpYS1qYW5vdy5wbFwvd3AtY29udGVudFwvdXBsb2Fkc1wvMjAyMVwvMDVcL0JvemVfQ2lhbG9fcHJ6eWdvdG93YW5pYTAxNy1zY2FsZWQuanBnIiwic2xpZGVzaG93IjoiZjlkZGU0YiJ9\">\r\n\t\t\t\t\t<div class=\"e-gallery-image elementor-gallery-item__image\" data-thumbnail=\"https:\/\/parafia-janow.pl\/wp-content\/uploads\/2021\/05\/Boze_Cialo_przygotowania017-200x300.jpg\" data-width=\"200\" data-height=\"300\" aria-label=\"\" role=\"img\" ><\/div>\r\n\t\t\t\t\t\t\t\t\t\t\t<div class=\"elementor-gallery-item__overlay\"><\/div>\r\n\t\t\t\t\t\t\t\t\t\t\t\t\t\t<\/a>\r\n\t\t\t\t\t\t\t<a class=\"e-gallery-item elementor-gallery-item elementor-animated-content\" href=\"https:\/\/parafia-janow.pl\/wp-content\/uploads\/2021\/05\/Boze_Cialo_przygotowania018-scaled.jpg\" data-elementor-open-lightbox=\"yes\" data-elementor-lightbox-slideshow=\"f9dde4b\" data-elementor-lightbox-title=\"Boze_Cialo_przygotowania018\" data-e-action-hash=\"#elementor-action%3Aaction%3Dlightbox%26settings%3DeyJpZCI6NjM1LCJ1cmwiOiJodHRwczpcL1wvcGFyYWZpYS1qYW5vdy5wbFwvd3AtY29udGVudFwvdXBsb2Fkc1wvMjAyMVwvMDVcL0JvemVfQ2lhbG9fcHJ6eWdvdG93YW5pYTAxOC1zY2FsZWQuanBnIiwic2xpZGVzaG93IjoiZjlkZGU0YiJ9\">\r\n\t\t\t\t\t<div class=\"e-gallery-image elementor-gallery-item__image\" data-thumbnail=\"https:\/\/parafia-janow.pl\/wp-content\/uploads\/2021\/05\/Boze_Cialo_przygotowania018-200x300.jpg\" data-width=\"200\" data-height=\"300\" aria-label=\"\" role=\"img\" ><\/div>\r\n\t\t\t\t\t\t\t\t\t\t\t<div class=\"elementor-gallery-item__overlay\"><\/div>\r\n\t\t\t\t\t\t\t\t\t\t\t\t\t\t<\/a>\r\n\t\t\t\t\t\t\t<a class=\"e-gallery-item elementor-gallery-item elementor-animated-content\" href=\"https:\/\/parafia-janow.pl\/wp-content\/uploads\/2021\/05\/Boze_Cialo_przygotowania011-scaled.jpg\" data-elementor-open-lightbox=\"yes\" data-elementor-lightbox-slideshow=\"f9dde4b\" data-elementor-lightbox-title=\"Boze_Cialo_przygotowania011\" data-e-action-hash=\"#elementor-action%3Aaction%3Dlightbox%26settings%3DeyJpZCI6NjI4LCJ1cmwiOiJodHRwczpcL1wvcGFyYWZpYS1qYW5vdy5wbFwvd3AtY29udGVudFwvdXBsb2Fkc1wvMjAyMVwvMDVcL0JvemVfQ2lhbG9fcHJ6eWdvdG93YW5pYTAxMS1zY2FsZWQuanBnIiwic2xpZGVzaG93IjoiZjlkZGU0YiJ9\">\r\n\t\t\t\t\t<div class=\"e-gallery-image elementor-gallery-item__image\" data-thumbnail=\"https:\/\/parafia-janow.pl\/wp-content\/uploads\/2021\/05\/Boze_Cialo_przygotowania011-300x200.jpg\" data-width=\"300\" data-height=\"200\" aria-label=\"\" role=\"img\" ><\/div>\r\n\t\t\t\t\t\t\t\t\t\t\t<div class=\"elementor-gallery-item__overlay\"><\/div>\r\n\t\t\t\t\t\t\t\t\t\t\t\t\t\t<\/a>\r\n\t\t\t\t\t\t\t<a class=\"e-gallery-item elementor-gallery-item elementor-animated-content\" href=\"https:\/\/parafia-janow.pl\/wp-content\/uploads\/2021\/05\/Boze_Cialo_przygotowania010-scaled.jpg\" data-elementor-open-lightbox=\"yes\" data-elementor-lightbox-slideshow=\"f9dde4b\" data-elementor-lightbox-title=\"Boze_Cialo_przygotowania010\" data-e-action-hash=\"#elementor-action%3Aaction%3Dlightbox%26settings%3DeyJpZCI6NjI3LCJ1cmwiOiJodHRwczpcL1wvcGFyYWZpYS1qYW5vdy5wbFwvd3AtY29udGVudFwvdXBsb2Fkc1wvMjAyMVwvMDVcL0JvemVfQ2lhbG9fcHJ6eWdvdG93YW5pYTAxMC1zY2FsZWQuanBnIiwic2xpZGVzaG93IjoiZjlkZGU0YiJ9\">\r\n\t\t\t\t\t<div class=\"e-gallery-image elementor-gallery-item__image\" data-thumbnail=\"https:\/\/parafia-janow.pl\/wp-content\/uploads\/2021\/05\/Boze_Cialo_przygotowania010-300x200.jpg\" data-width=\"300\" data-height=\"200\" aria-label=\"\" role=\"img\" ><\/div>\r\n\t\t\t\t\t\t\t\t\t\t\t<div class=\"elementor-gallery-item__overlay\"><\/div>\r\n\t\t\t\t\t\t\t\t\t\t\t\t\t\t<\/a>\r\n\t\t\t\t\t\t\t<a class=\"e-gallery-item elementor-gallery-item elementor-animated-content\" href=\"https:\/\/parafia-janow.pl\/wp-content\/uploads\/2021\/05\/Boze_Cialo_przygotowania009-scaled.jpg\" data-elementor-open-lightbox=\"yes\" data-elementor-lightbox-slideshow=\"f9dde4b\" data-elementor-lightbox-title=\"Boze_Cialo_przygotowania009\" data-e-action-hash=\"#elementor-action%3Aaction%3Dlightbox%26settings%3DeyJpZCI6NjI2LCJ1cmwiOiJodHRwczpcL1wvcGFyYWZpYS1qYW5vdy5wbFwvd3AtY29udGVudFwvdXBsb2Fkc1wvMjAyMVwvMDVcL0JvemVfQ2lhbG9fcHJ6eWdvdG93YW5pYTAwOS1zY2FsZWQuanBnIiwic2xpZGVzaG93IjoiZjlkZGU0YiJ9\">\r\n\t\t\t\t\t<div class=\"e-gallery-image elementor-gallery-item__image\" data-thumbnail=\"https:\/\/parafia-janow.pl\/wp-content\/uploads\/2021\/05\/Boze_Cialo_przygotowania009-300x200.jpg\" data-width=\"300\" data-height=\"200\" aria-label=\"\" role=\"img\" ><\/div>\r\n\t\t\t\t\t\t\t\t\t\t\t<div class=\"elementor-gallery-item__overlay\"><\/div>\r\n\t\t\t\t\t\t\t\t\t\t\t\t\t\t<\/a>\r\n\t\t\t\t\t\t\t<a class=\"e-gallery-item elementor-gallery-item elementor-animated-content\" href=\"https:\/\/parafia-janow.pl\/wp-content\/uploads\/2021\/05\/Boze_Cialo_przygotowania008-scaled.jpg\" data-elementor-open-lightbox=\"yes\" data-elementor-lightbox-slideshow=\"f9dde4b\" data-elementor-lightbox-title=\"Boze_Cialo_przygotowania008\" data-e-action-hash=\"#elementor-action%3Aaction%3Dlightbox%26settings%3DeyJpZCI6NjI1LCJ1cmwiOiJodHRwczpcL1wvcGFyYWZpYS1qYW5vdy5wbFwvd3AtY29udGVudFwvdXBsb2Fkc1wvMjAyMVwvMDVcL0JvemVfQ2lhbG9fcHJ6eWdvdG93YW5pYTAwOC1zY2FsZWQuanBnIiwic2xpZGVzaG93IjoiZjlkZGU0YiJ9\">\r\n\t\t\t\t\t<div class=\"e-gallery-image elementor-gallery-item__image\" data-thumbnail=\"https:\/\/parafia-janow.pl\/wp-content\/uploads\/2021\/05\/Boze_Cialo_przygotowania008-300x200.jpg\" data-width=\"300\" data-height=\"200\" aria-label=\"\" role=\"img\" ><\/div>\r\n\t\t\t\t\t\t\t\t\t\t\t<div class=\"elementor-gallery-item__overlay\"><\/div>\r\n\t\t\t\t\t\t\t\t\t\t\t\t\t\t<\/a>\r\n\t\t\t\t\t\t\t<a class=\"e-gallery-item elementor-gallery-item elementor-animated-content\" href=\"https:\/\/parafia-janow.pl\/wp-content\/uploads\/2021\/05\/Boze_Cialo_przygotowania007-scaled.jpg\" data-elementor-open-lightbox=\"yes\" data-elementor-lightbox-slideshow=\"f9dde4b\" data-elementor-lightbox-title=\"Boze_Cialo_przygotowania007\" data-e-action-hash=\"#elementor-action%3Aaction%3Dlightbox%26settings%3DeyJpZCI6NjI0LCJ1cmwiOiJodHRwczpcL1wvcGFyYWZpYS1qYW5vdy5wbFwvd3AtY29udGVudFwvdXBsb2Fkc1wvMjAyMVwvMDVcL0JvemVfQ2lhbG9fcHJ6eWdvdG93YW5pYTAwNy1zY2FsZWQuanBnIiwic2xpZGVzaG93IjoiZjlkZGU0YiJ9\">\r\n\t\t\t\t\t<div class=\"e-gallery-image elementor-gallery-item__image\" data-thumbnail=\"https:\/\/parafia-janow.pl\/wp-content\/uploads\/2021\/05\/Boze_Cialo_przygotowania007-300x200.jpg\" data-width=\"300\" data-height=\"200\" aria-label=\"\" role=\"img\" ><\/div>\r\n\t\t\t\t\t\t\t\t\t\t\t<div class=\"elementor-gallery-item__overlay\"><\/div>\r\n\t\t\t\t\t\t\t\t\t\t\t\t\t\t<\/a>\r\n\t\t\t\t\t\t\t<a class=\"e-gallery-item elementor-gallery-item elementor-animated-content\" href=\"https:\/\/parafia-janow.pl\/wp-content\/uploads\/2021\/05\/Boze_Cialo_przygotowania006-scaled.jpg\" data-elementor-open-lightbox=\"yes\" data-elementor-lightbox-slideshow=\"f9dde4b\" data-elementor-lightbox-title=\"Boze_Cialo_przygotowania006\" data-e-action-hash=\"#elementor-action%3Aaction%3Dlightbox%26settings%3DeyJpZCI6NjIzLCJ1cmwiOiJodHRwczpcL1wvcGFyYWZpYS1qYW5vdy5wbFwvd3AtY29udGVudFwvdXBsb2Fkc1wvMjAyMVwvMDVcL0JvemVfQ2lhbG9fcHJ6eWdvdG93YW5pYTAwNi1zY2FsZWQuanBnIiwic2xpZGVzaG93IjoiZjlkZGU0YiJ9\">\r\n\t\t\t\t\t<div class=\"e-gallery-image elementor-gallery-item__image\" data-thumbnail=\"https:\/\/parafia-janow.pl\/wp-content\/uploads\/2021\/05\/Boze_Cialo_przygotowania006-300x200.jpg\" data-width=\"300\" data-height=\"200\" aria-label=\"\" role=\"img\" ><\/div>\r\n\t\t\t\t\t\t\t\t\t\t\t<div class=\"elementor-gallery-item__overlay\"><\/div>\r\n\t\t\t\t\t\t\t\t\t\t\t\t\t\t<\/a>\r\n\t\t\t\t\t\t\t<a class=\"e-gallery-item elementor-gallery-item elementor-animated-content\" href=\"https:\/\/parafia-janow.pl\/wp-content\/uploads\/2021\/05\/Boze_Cialo_przygotowania005-scaled.jpg\" data-elementor-open-lightbox=\"yes\" data-elementor-lightbox-slideshow=\"f9dde4b\" data-elementor-lightbox-title=\"Boze_Cialo_przygotowania005\" data-e-action-hash=\"#elementor-action%3Aaction%3Dlightbox%26settings%3DeyJpZCI6NjIyLCJ1cmwiOiJodHRwczpcL1wvcGFyYWZpYS1qYW5vdy5wbFwvd3AtY29udGVudFwvdXBsb2Fkc1wvMjAyMVwvMDVcL0JvemVfQ2lhbG9fcHJ6eWdvdG93YW5pYTAwNS1zY2FsZWQuanBnIiwic2xpZGVzaG93IjoiZjlkZGU0YiJ9\">\r\n\t\t\t\t\t<div class=\"e-gallery-image elementor-gallery-item__image\" data-thumbnail=\"https:\/\/parafia-janow.pl\/wp-content\/uploads\/2021\/05\/Boze_Cialo_przygotowania005-300x200.jpg\" data-width=\"300\" data-height=\"200\" aria-label=\"\" role=\"img\" ><\/div>\r\n\t\t\t\t\t\t\t\t\t\t\t<div class=\"elementor-gallery-item__overlay\"><\/div>\r\n\t\t\t\t\t\t\t\t\t\t\t\t\t\t<\/a>\r\n\t\t\t\t\t\t\t<a class=\"e-gallery-item elementor-gallery-item elementor-animated-content\" href=\"https:\/\/parafia-janow.pl\/wp-content\/uploads\/2021\/05\/Boze_Cialo_przygotowania001-1-scaled.jpg\" data-elementor-open-lightbox=\"yes\" data-elementor-lightbox-slideshow=\"f9dde4b\" data-elementor-lightbox-title=\"Boze_Cialo_przygotowania001\" data-e-action-hash=\"#elementor-action%3Aaction%3Dlightbox%26settings%3DeyJpZCI6NjE4LCJ1cmwiOiJodHRwczpcL1wvcGFyYWZpYS1qYW5vdy5wbFwvd3AtY29udGVudFwvdXBsb2Fkc1wvMjAyMVwvMDVcL0JvemVfQ2lhbG9fcHJ6eWdvdG93YW5pYTAwMS0xLXNjYWxlZC5qcGciLCJzbGlkZXNob3ciOiJmOWRkZTRiIn0%3D\">\r\n\t\t\t\t\t<div class=\"e-gallery-image elementor-gallery-item__image\" data-thumbnail=\"https:\/\/parafia-janow.pl\/wp-content\/uploads\/2021\/05\/Boze_Cialo_przygotowania001-1-300x200.jpg\" data-width=\"300\" data-height=\"200\" aria-label=\"\" role=\"img\" ><\/div>\r\n\t\t\t\t\t\t\t\t\t\t\t<div class=\"elementor-gallery-item__overlay\"><\/div>\r\n\t\t\t\t\t\t\t\t\t\t\t\t\t\t<\/a>\r\n\t\t\t\t\t\t\t<a class=\"e-gallery-item elementor-gallery-item elementor-animated-content\" href=\"https:\/\/parafia-janow.pl\/wp-content\/uploads\/2021\/05\/Boze_Cialo_przygotowania002-1-scaled.jpg\" data-elementor-open-lightbox=\"yes\" data-elementor-lightbox-slideshow=\"f9dde4b\" data-elementor-lightbox-title=\"Boze_Cialo_przygotowania002\" data-e-action-hash=\"#elementor-action%3Aaction%3Dlightbox%26settings%3DeyJpZCI6NjE5LCJ1cmwiOiJodHRwczpcL1wvcGFyYWZpYS1qYW5vdy5wbFwvd3AtY29udGVudFwvdXBsb2Fkc1wvMjAyMVwvMDVcL0JvemVfQ2lhbG9fcHJ6eWdvdG93YW5pYTAwMi0xLXNjYWxlZC5qcGciLCJzbGlkZXNob3ciOiJmOWRkZTRiIn0%3D\">\r\n\t\t\t\t\t<div class=\"e-gallery-image elementor-gallery-item__image\" data-thumbnail=\"https:\/\/parafia-janow.pl\/wp-content\/uploads\/2021\/05\/Boze_Cialo_przygotowania002-1-300x200.jpg\" data-width=\"300\" data-height=\"200\" aria-label=\"\" role=\"img\" ><\/div>\r\n\t\t\t\t\t\t\t\t\t\t\t<div class=\"elementor-gallery-item__overlay\"><\/div>\r\n\t\t\t\t\t\t\t\t\t\t\t\t\t\t<\/a>\r\n\t\t\t\t\t\t\t<a class=\"e-gallery-item elementor-gallery-item elementor-animated-content\" href=\"https:\/\/parafia-janow.pl\/wp-content\/uploads\/2021\/05\/Boze_Cialo_przygotowania003-1-scaled.jpg\" data-elementor-open-lightbox=\"yes\" data-elementor-lightbox-slideshow=\"f9dde4b\" data-elementor-lightbox-title=\"Boze_Cialo_przygotowania003\" data-e-action-hash=\"#elementor-action%3Aaction%3Dlightbox%26settings%3DeyJpZCI6NjIwLCJ1cmwiOiJodHRwczpcL1wvcGFyYWZpYS1qYW5vdy5wbFwvd3AtY29udGVudFwvdXBsb2Fkc1wvMjAyMVwvMDVcL0JvemVfQ2lhbG9fcHJ6eWdvdG93YW5pYTAwMy0xLXNjYWxlZC5qcGciLCJzbGlkZXNob3ciOiJmOWRkZTRiIn0%3D\">\r\n\t\t\t\t\t<div class=\"e-gallery-image elementor-gallery-item__image\" data-thumbnail=\"https:\/\/parafia-janow.pl\/wp-content\/uploads\/2021\/05\/Boze_Cialo_przygotowania003-1-300x200.jpg\" data-width=\"300\" data-height=\"200\" aria-label=\"\" role=\"img\" ><\/div>\r\n\t\t\t\t\t\t\t\t\t\t\t<div class=\"elementor-gallery-item__overlay\"><\/div>\r\n\t\t\t\t\t\t\t\t\t\t\t\t\t\t<\/a>\r\n\t\t\t\t\t\t\t<a class=\"e-gallery-item elementor-gallery-item elementor-animated-content\" href=\"https:\/\/parafia-janow.pl\/wp-content\/uploads\/2021\/05\/Boze_Cialo_przygotowania004-scaled.jpg\" data-elementor-open-lightbox=\"yes\" data-elementor-lightbox-slideshow=\"f9dde4b\" data-elementor-lightbox-title=\"Boze_Cialo_przygotowania004\" data-e-action-hash=\"#elementor-action%3Aaction%3Dlightbox%26settings%3DeyJpZCI6NjIxLCJ1cmwiOiJodHRwczpcL1wvcGFyYWZpYS1qYW5vdy5wbFwvd3AtY29udGVudFwvdXBsb2Fkc1wvMjAyMVwvMDVcL0JvemVfQ2lhbG9fcHJ6eWdvdG93YW5pYTAwNC1zY2FsZWQuanBnIiwic2xpZGVzaG93IjoiZjlkZGU0YiJ9\">\r\n\t\t\t\t\t<div class=\"e-gallery-image elementor-gallery-item__image\" data-thumbnail=\"https:\/\/parafia-janow.pl\/wp-content\/uploads\/2021\/05\/Boze_Cialo_przygotowania004-300x200.jpg\" data-width=\"300\" data-height=\"200\" aria-label=\"Boze_Cialo_przygotowania_2020\" role=\"img\" ><\/div>\r\n\t\t\t\t\t\t\t\t\t\t\t<div class=\"elementor-gallery-item__overlay\"><\/div>\r\n\t\t\t\t\t\t\t\t\t\t\t\t\t\t<\/a>\r\n\t\t\t\t\t<\/div>\r\n\t\t\t\t\t<\/div>\n\t\t\t\t<\/div>\n\t\t\t\t\t<\/div>\n\t\t<\/div>\n\t\t\t\t\t<\/div>\n\t\t<\/section>\n\t\t\t\t<section class=\"elementor-section elementor-top-section elementor-element elementor-element-e074246 elementor-section-boxed elementor-section-height-default elementor-section-height-default\" data-id=\"e074246\" data-element_type=\"section\" data-e-type=\"section\">\n\t\t\t\t\t\t<div class=\"elementor-container elementor-column-gap-default\">\n\t\t\t\t\t<div class=\"elementor-column elementor-col-100 elementor-top-column elementor-element elementor-element-e7ab9a8\" data-id=\"e7ab9a8\" data-element_type=\"column\" data-e-type=\"column\">\n\t\t\t<div class=\"elementor-widget-wrap\">\n\t\t\t\t\t\t\t<\/div>\n\t\t<\/div>\n\t\t\t\t\t<\/div>\n\t\t<\/section>\n\t\t\t\t<section class=\"elementor-section elementor-top-section elementor-element elementor-element-b27ae53 elementor-section-boxed elementor-section-height-default elementor-section-height-default\" data-id=\"b27ae53\" data-element_type=\"section\" data-e-type=\"section\">\n\t\t\t\t\t\t<div class=\"elementor-container elementor-column-gap-default\">\n\t\t\t\t\t<div class=\"elementor-column elementor-col-100 elementor-top-column elementor-element elementor-element-b4839e3\" data-id=\"b4839e3\" data-element_type=\"column\" data-e-type=\"column\">\n\t\t\t<div class=\"elementor-widget-wrap elementor-element-populated\">\n\t\t\t\t\t\t<div class=\"elementor-element elementor-element-febb98a elementor-widget elementor-widget-heading\" data-id=\"febb98a\" data-element_type=\"widget\" data-e-type=\"widget\" data-widget_type=\"heading.default\">\n\t\t\t\t<div class=\"elementor-widget-container\">\n\t\t\t\t\t<h2 class=\"elementor-heading-title elementor-size-default\">Uroczysto\u015b\u0107 Bo\u017cego Cia\u0142a 2020<\/h2>\t\t\t\t<\/div>\n\t\t\t\t<\/div>\n\t\t\t\t\t<\/div>\n\t\t<\/div>\n\t\t\t\t\t<\/div>\n\t\t<\/section>\n\t\t\t\t<section class=\"elementor-section elementor-top-section elementor-element elementor-element-83bac7e elementor-section-boxed elementor-section-height-default elementor-section-height-default\" data-id=\"83bac7e\" data-element_type=\"section\" data-e-type=\"section\">\n\t\t\t\t\t\t<div class=\"elementor-container elementor-column-gap-default\">\n\t\t\t\t\t<div class=\"elementor-column elementor-col-100 elementor-top-column elementor-element elementor-element-3c71afd\" data-id=\"3c71afd\" data-element_type=\"column\" data-e-type=\"column\">\n\t\t\t<div class=\"elementor-widget-wrap\">\n\t\t\t\t\t\t\t<\/div>\n\t\t<\/div>\n\t\t\t\t\t<\/div>\n\t\t<\/section>\n\t\t\t\t<section class=\"elementor-section elementor-top-section elementor-element elementor-element-cf63ddd elementor-section-boxed elementor-section-height-default elementor-section-height-default\" data-id=\"cf63ddd\" data-element_type=\"section\" data-e-type=\"section\">\n\t\t\t\t\t\t<div class=\"elementor-container elementor-column-gap-default\">\n\t\t\t\t\t<div class=\"elementor-column elementor-col-100 elementor-top-column elementor-element elementor-element-8bb83b5\" data-id=\"8bb83b5\" data-element_type=\"column\" data-e-type=\"column\">\n\t\t\t<div class=\"elementor-widget-wrap elementor-element-populated\">\n\t\t\t\t\t\t<div class=\"elementor-element elementor-element-0b1ba3e elementor-widget elementor-widget-gallery\" data-id=\"0b1ba3e\" data-element_type=\"widget\" data-e-type=\"widget\" data-settings=\"{&quot;lazyload&quot;:&quot;yes&quot;,&quot;gallery_layout&quot;:&quot;grid&quot;,&quot;columns&quot;:4,&quot;columns_tablet&quot;:2,&quot;columns_mobile&quot;:1,&quot;gap&quot;:{&quot;unit&quot;:&quot;px&quot;,&quot;size&quot;:10,&quot;sizes&quot;:[]},&quot;gap_tablet&quot;:{&quot;unit&quot;:&quot;px&quot;,&quot;size&quot;:10,&quot;sizes&quot;:[]},&quot;gap_mobile&quot;:{&quot;unit&quot;:&quot;px&quot;,&quot;size&quot;:10,&quot;sizes&quot;:[]},&quot;link_to&quot;:&quot;file&quot;,&quot;aspect_ratio&quot;:&quot;3:2&quot;,&quot;overlay_background&quot;:&quot;yes&quot;,&quot;content_hover_animation&quot;:&quot;fade-in&quot;}\" data-widget_type=\"gallery.default\">\n\t\t\t\t<div class=\"elementor-widget-container\">\n\t\t\t\t\t\t\t<div class=\"elementor-gallery__container\">\r\n\t\t\t\t\t\t\t<a class=\"e-gallery-item elementor-gallery-item elementor-animated-content\" href=\"https:\/\/parafia-janow.pl\/wp-content\/uploads\/2021\/05\/Boze_Cialo_uroczystosc032-scaled.jpg\" data-elementor-open-lightbox=\"yes\" data-elementor-lightbox-slideshow=\"0b1ba3e\" data-elementor-lightbox-title=\"Boze_Cialo_uroczystosc032\" data-e-action-hash=\"#elementor-action%3Aaction%3Dlightbox%26settings%3DeyJpZCI6Njc0LCJ1cmwiOiJodHRwczpcL1wvcGFyYWZpYS1qYW5vdy5wbFwvd3AtY29udGVudFwvdXBsb2Fkc1wvMjAyMVwvMDVcL0JvemVfQ2lhbG9fdXJvY3p5c3Rvc2MwMzItc2NhbGVkLmpwZyIsInNsaWRlc2hvdyI6IjBiMWJhM2UifQ%3D%3D\">\r\n\t\t\t\t\t<div class=\"e-gallery-image elementor-gallery-item__image\" data-thumbnail=\"https:\/\/parafia-janow.pl\/wp-content\/uploads\/2021\/05\/Boze_Cialo_uroczystosc032-300x200.jpg\" data-width=\"300\" data-height=\"200\" aria-label=\"\" role=\"img\" ><\/div>\r\n\t\t\t\t\t\t\t\t\t\t\t<div class=\"elementor-gallery-item__overlay\"><\/div>\r\n\t\t\t\t\t\t\t\t\t\t\t\t\t\t<\/a>\r\n\t\t\t\t\t\t\t<a class=\"e-gallery-item elementor-gallery-item elementor-animated-content\" href=\"https:\/\/parafia-janow.pl\/wp-content\/uploads\/2021\/05\/Boze_Cialo_uroczystosc031-scaled.jpg\" data-elementor-open-lightbox=\"yes\" data-elementor-lightbox-slideshow=\"0b1ba3e\" data-elementor-lightbox-title=\"Boze_Cialo_uroczystosc031\" data-e-action-hash=\"#elementor-action%3Aaction%3Dlightbox%26settings%3DeyJpZCI6NjczLCJ1cmwiOiJodHRwczpcL1wvcGFyYWZpYS1qYW5vdy5wbFwvd3AtY29udGVudFwvdXBsb2Fkc1wvMjAyMVwvMDVcL0JvemVfQ2lhbG9fdXJvY3p5c3Rvc2MwMzEtc2NhbGVkLmpwZyIsInNsaWRlc2hvdyI6IjBiMWJhM2UifQ%3D%3D\">\r\n\t\t\t\t\t<div class=\"e-gallery-image elementor-gallery-item__image\" data-thumbnail=\"https:\/\/parafia-janow.pl\/wp-content\/uploads\/2021\/05\/Boze_Cialo_uroczystosc031-300x200.jpg\" data-width=\"300\" data-height=\"200\" aria-label=\"\" role=\"img\" ><\/div>\r\n\t\t\t\t\t\t\t\t\t\t\t<div class=\"elementor-gallery-item__overlay\"><\/div>\r\n\t\t\t\t\t\t\t\t\t\t\t\t\t\t<\/a>\r\n\t\t\t\t\t\t\t<a class=\"e-gallery-item elementor-gallery-item elementor-animated-content\" href=\"https:\/\/parafia-janow.pl\/wp-content\/uploads\/2021\/05\/Boze_Cialo_uroczystosc030-scaled.jpg\" data-elementor-open-lightbox=\"yes\" data-elementor-lightbox-slideshow=\"0b1ba3e\" data-elementor-lightbox-title=\"Boze_Cialo_uroczystosc030\" data-e-action-hash=\"#elementor-action%3Aaction%3Dlightbox%26settings%3DeyJpZCI6NjcyLCJ1cmwiOiJodHRwczpcL1wvcGFyYWZpYS1qYW5vdy5wbFwvd3AtY29udGVudFwvdXBsb2Fkc1wvMjAyMVwvMDVcL0JvemVfQ2lhbG9fdXJvY3p5c3Rvc2MwMzAtc2NhbGVkLmpwZyIsInNsaWRlc2hvdyI6IjBiMWJhM2UifQ%3D%3D\">\r\n\t\t\t\t\t<div class=\"e-gallery-image elementor-gallery-item__image\" data-thumbnail=\"https:\/\/parafia-janow.pl\/wp-content\/uploads\/2021\/05\/Boze_Cialo_uroczystosc030-300x200.jpg\" data-width=\"300\" data-height=\"200\" aria-label=\"\" role=\"img\" ><\/div>\r\n\t\t\t\t\t\t\t\t\t\t\t<div class=\"elementor-gallery-item__overlay\"><\/div>\r\n\t\t\t\t\t\t\t\t\t\t\t\t\t\t<\/a>\r\n\t\t\t\t\t\t\t<a class=\"e-gallery-item elementor-gallery-item elementor-animated-content\" href=\"https:\/\/parafia-janow.pl\/wp-content\/uploads\/2021\/05\/Boze_Cialo_uroczystosc029-scaled.jpg\" data-elementor-open-lightbox=\"yes\" data-elementor-lightbox-slideshow=\"0b1ba3e\" data-elementor-lightbox-title=\"Boze_Cialo_uroczystosc029\" data-e-action-hash=\"#elementor-action%3Aaction%3Dlightbox%26settings%3DeyJpZCI6NjcxLCJ1cmwiOiJodHRwczpcL1wvcGFyYWZpYS1qYW5vdy5wbFwvd3AtY29udGVudFwvdXBsb2Fkc1wvMjAyMVwvMDVcL0JvemVfQ2lhbG9fdXJvY3p5c3Rvc2MwMjktc2NhbGVkLmpwZyIsInNsaWRlc2hvdyI6IjBiMWJhM2UifQ%3D%3D\">\r\n\t\t\t\t\t<div class=\"e-gallery-image elementor-gallery-item__image\" data-thumbnail=\"https:\/\/parafia-janow.pl\/wp-content\/uploads\/2021\/05\/Boze_Cialo_uroczystosc029-300x200.jpg\" data-width=\"300\" data-height=\"200\" aria-label=\"\" role=\"img\" ><\/div>\r\n\t\t\t\t\t\t\t\t\t\t\t<div class=\"elementor-gallery-item__overlay\"><\/div>\r\n\t\t\t\t\t\t\t\t\t\t\t\t\t\t<\/a>\r\n\t\t\t\t\t\t\t<a class=\"e-gallery-item elementor-gallery-item elementor-animated-content\" href=\"https:\/\/parafia-janow.pl\/wp-content\/uploads\/2021\/05\/Boze_Cialo_uroczystosc028-scaled.jpg\" data-elementor-open-lightbox=\"yes\" data-elementor-lightbox-slideshow=\"0b1ba3e\" data-elementor-lightbox-title=\"Boze_Cialo_uroczystosc028\" data-e-action-hash=\"#elementor-action%3Aaction%3Dlightbox%26settings%3DeyJpZCI6NjcwLCJ1cmwiOiJodHRwczpcL1wvcGFyYWZpYS1qYW5vdy5wbFwvd3AtY29udGVudFwvdXBsb2Fkc1wvMjAyMVwvMDVcL0JvemVfQ2lhbG9fdXJvY3p5c3Rvc2MwMjgtc2NhbGVkLmpwZyIsInNsaWRlc2hvdyI6IjBiMWJhM2UifQ%3D%3D\">\r\n\t\t\t\t\t<div class=\"e-gallery-image elementor-gallery-item__image\" data-thumbnail=\"https:\/\/parafia-janow.pl\/wp-content\/uploads\/2021\/05\/Boze_Cialo_uroczystosc028-300x200.jpg\" data-width=\"300\" data-height=\"200\" aria-label=\"\" role=\"img\" ><\/div>\r\n\t\t\t\t\t\t\t\t\t\t\t<div class=\"elementor-gallery-item__overlay\"><\/div>\r\n\t\t\t\t\t\t\t\t\t\t\t\t\t\t<\/a>\r\n\t\t\t\t\t\t\t<a class=\"e-gallery-item elementor-gallery-item elementor-animated-content\" href=\"https:\/\/parafia-janow.pl\/wp-content\/uploads\/2021\/05\/Boze_Cialo_uroczystosc027-scaled.jpg\" data-elementor-open-lightbox=\"yes\" data-elementor-lightbox-slideshow=\"0b1ba3e\" data-elementor-lightbox-title=\"Boze_Cialo_uroczystosc027\" data-e-action-hash=\"#elementor-action%3Aaction%3Dlightbox%26settings%3DeyJpZCI6NjY5LCJ1cmwiOiJodHRwczpcL1wvcGFyYWZpYS1qYW5vdy5wbFwvd3AtY29udGVudFwvdXBsb2Fkc1wvMjAyMVwvMDVcL0JvemVfQ2lhbG9fdXJvY3p5c3Rvc2MwMjctc2NhbGVkLmpwZyIsInNsaWRlc2hvdyI6IjBiMWJhM2UifQ%3D%3D\">\r\n\t\t\t\t\t<div class=\"e-gallery-image elementor-gallery-item__image\" data-thumbnail=\"https:\/\/parafia-janow.pl\/wp-content\/uploads\/2021\/05\/Boze_Cialo_uroczystosc027-300x200.jpg\" data-width=\"300\" data-height=\"200\" aria-label=\"\" role=\"img\" ><\/div>\r\n\t\t\t\t\t\t\t\t\t\t\t<div class=\"elementor-gallery-item__overlay\"><\/div>\r\n\t\t\t\t\t\t\t\t\t\t\t\t\t\t<\/a>\r\n\t\t\t\t\t\t\t<a class=\"e-gallery-item elementor-gallery-item elementor-animated-content\" href=\"https:\/\/parafia-janow.pl\/wp-content\/uploads\/2021\/05\/Boze_Cialo_uroczystosc026-scaled.jpg\" data-elementor-open-lightbox=\"yes\" data-elementor-lightbox-slideshow=\"0b1ba3e\" data-elementor-lightbox-title=\"Boze_Cialo_uroczystosc026\" data-e-action-hash=\"#elementor-action%3Aaction%3Dlightbox%26settings%3DeyJpZCI6NjY4LCJ1cmwiOiJodHRwczpcL1wvcGFyYWZpYS1qYW5vdy5wbFwvd3AtY29udGVudFwvdXBsb2Fkc1wvMjAyMVwvMDVcL0JvemVfQ2lhbG9fdXJvY3p5c3Rvc2MwMjYtc2NhbGVkLmpwZyIsInNsaWRlc2hvdyI6IjBiMWJhM2UifQ%3D%3D\">\r\n\t\t\t\t\t<div class=\"e-gallery-image elementor-gallery-item__image\" data-thumbnail=\"https:\/\/parafia-janow.pl\/wp-content\/uploads\/2021\/05\/Boze_Cialo_uroczystosc026-300x200.jpg\" data-width=\"300\" data-height=\"200\" aria-label=\"\" role=\"img\" ><\/div>\r\n\t\t\t\t\t\t\t\t\t\t\t<div class=\"elementor-gallery-item__overlay\"><\/div>\r\n\t\t\t\t\t\t\t\t\t\t\t\t\t\t<\/a>\r\n\t\t\t\t\t\t\t<a class=\"e-gallery-item elementor-gallery-item elementor-animated-content\" href=\"https:\/\/parafia-janow.pl\/wp-content\/uploads\/2021\/05\/Boze_Cialo_uroczystosc019-scaled.jpg\" data-elementor-open-lightbox=\"yes\" data-elementor-lightbox-slideshow=\"0b1ba3e\" data-elementor-lightbox-title=\"Boze_Cialo_uroczystosc019\" data-e-action-hash=\"#elementor-action%3Aaction%3Dlightbox%26settings%3DeyJpZCI6NjYxLCJ1cmwiOiJodHRwczpcL1wvcGFyYWZpYS1qYW5vdy5wbFwvd3AtY29udGVudFwvdXBsb2Fkc1wvMjAyMVwvMDVcL0JvemVfQ2lhbG9fdXJvY3p5c3Rvc2MwMTktc2NhbGVkLmpwZyIsInNsaWRlc2hvdyI6IjBiMWJhM2UifQ%3D%3D\">\r\n\t\t\t\t\t<div class=\"e-gallery-image elementor-gallery-item__image\" data-thumbnail=\"https:\/\/parafia-janow.pl\/wp-content\/uploads\/2021\/05\/Boze_Cialo_uroczystosc019-300x200.jpg\" data-width=\"300\" data-height=\"200\" aria-label=\"\" role=\"img\" ><\/div>\r\n\t\t\t\t\t\t\t\t\t\t\t<div class=\"elementor-gallery-item__overlay\"><\/div>\r\n\t\t\t\t\t\t\t\t\t\t\t\t\t\t<\/a>\r\n\t\t\t\t\t\t\t<a class=\"e-gallery-item elementor-gallery-item elementor-animated-content\" href=\"https:\/\/parafia-janow.pl\/wp-content\/uploads\/2021\/05\/Boze_Cialo_uroczystosc020-scaled.jpg\" data-elementor-open-lightbox=\"yes\" data-elementor-lightbox-slideshow=\"0b1ba3e\" data-elementor-lightbox-title=\"Boze_Cialo_uroczystosc020\" data-e-action-hash=\"#elementor-action%3Aaction%3Dlightbox%26settings%3DeyJpZCI6NjYyLCJ1cmwiOiJodHRwczpcL1wvcGFyYWZpYS1qYW5vdy5wbFwvd3AtY29udGVudFwvdXBsb2Fkc1wvMjAyMVwvMDVcL0JvemVfQ2lhbG9fdXJvY3p5c3Rvc2MwMjAtc2NhbGVkLmpwZyIsInNsaWRlc2hvdyI6IjBiMWJhM2UifQ%3D%3D\">\r\n\t\t\t\t\t<div class=\"e-gallery-image elementor-gallery-item__image\" data-thumbnail=\"https:\/\/parafia-janow.pl\/wp-content\/uploads\/2021\/05\/Boze_Cialo_uroczystosc020-300x200.jpg\" data-width=\"300\" data-height=\"200\" aria-label=\"\" role=\"img\" ><\/div>\r\n\t\t\t\t\t\t\t\t\t\t\t<div class=\"elementor-gallery-item__overlay\"><\/div>\r\n\t\t\t\t\t\t\t\t\t\t\t\t\t\t<\/a>\r\n\t\t\t\t\t\t\t<a class=\"e-gallery-item elementor-gallery-item elementor-animated-content\" href=\"https:\/\/parafia-janow.pl\/wp-content\/uploads\/2021\/05\/Boze_Cialo_uroczystosc021-scaled.jpg\" data-elementor-open-lightbox=\"yes\" data-elementor-lightbox-slideshow=\"0b1ba3e\" data-elementor-lightbox-title=\"Boze_Cialo_uroczystosc021\" data-e-action-hash=\"#elementor-action%3Aaction%3Dlightbox%26settings%3DeyJpZCI6NjYzLCJ1cmwiOiJodHRwczpcL1wvcGFyYWZpYS1qYW5vdy5wbFwvd3AtY29udGVudFwvdXBsb2Fkc1wvMjAyMVwvMDVcL0JvemVfQ2lhbG9fdXJvY3p5c3Rvc2MwMjEtc2NhbGVkLmpwZyIsInNsaWRlc2hvdyI6IjBiMWJhM2UifQ%3D%3D\">\r\n\t\t\t\t\t<div class=\"e-gallery-image elementor-gallery-item__image\" data-thumbnail=\"https:\/\/parafia-janow.pl\/wp-content\/uploads\/2021\/05\/Boze_Cialo_uroczystosc021-300x200.jpg\" data-width=\"300\" data-height=\"200\" aria-label=\"\" role=\"img\" ><\/div>\r\n\t\t\t\t\t\t\t\t\t\t\t<div class=\"elementor-gallery-item__overlay\"><\/div>\r\n\t\t\t\t\t\t\t\t\t\t\t\t\t\t<\/a>\r\n\t\t\t\t\t\t\t<a class=\"e-gallery-item elementor-gallery-item elementor-animated-content\" href=\"https:\/\/parafia-janow.pl\/wp-content\/uploads\/2021\/05\/Boze_Cialo_uroczystosc022-scaled.jpg\" data-elementor-open-lightbox=\"yes\" data-elementor-lightbox-slideshow=\"0b1ba3e\" data-elementor-lightbox-title=\"Boze_Cialo_uroczystosc022\" data-e-action-hash=\"#elementor-action%3Aaction%3Dlightbox%26settings%3DeyJpZCI6NjY0LCJ1cmwiOiJodHRwczpcL1wvcGFyYWZpYS1qYW5vdy5wbFwvd3AtY29udGVudFwvdXBsb2Fkc1wvMjAyMVwvMDVcL0JvemVfQ2lhbG9fdXJvY3p5c3Rvc2MwMjItc2NhbGVkLmpwZyIsInNsaWRlc2hvdyI6IjBiMWJhM2UifQ%3D%3D\">\r\n\t\t\t\t\t<div class=\"e-gallery-image elementor-gallery-item__image\" data-thumbnail=\"https:\/\/parafia-janow.pl\/wp-content\/uploads\/2021\/05\/Boze_Cialo_uroczystosc022-300x200.jpg\" data-width=\"300\" data-height=\"200\" aria-label=\"\" role=\"img\" ><\/div>\r\n\t\t\t\t\t\t\t\t\t\t\t<div class=\"elementor-gallery-item__overlay\"><\/div>\r\n\t\t\t\t\t\t\t\t\t\t\t\t\t\t<\/a>\r\n\t\t\t\t\t\t\t<a class=\"e-gallery-item elementor-gallery-item elementor-animated-content\" href=\"https:\/\/parafia-janow.pl\/wp-content\/uploads\/2021\/05\/Boze_Cialo_uroczystosc023-scaled.jpg\" data-elementor-open-lightbox=\"yes\" data-elementor-lightbox-slideshow=\"0b1ba3e\" data-elementor-lightbox-title=\"Boze_Cialo_uroczystosc023\" data-e-action-hash=\"#elementor-action%3Aaction%3Dlightbox%26settings%3DeyJpZCI6NjY1LCJ1cmwiOiJodHRwczpcL1wvcGFyYWZpYS1qYW5vdy5wbFwvd3AtY29udGVudFwvdXBsb2Fkc1wvMjAyMVwvMDVcL0JvemVfQ2lhbG9fdXJvY3p5c3Rvc2MwMjMtc2NhbGVkLmpwZyIsInNsaWRlc2hvdyI6IjBiMWJhM2UifQ%3D%3D\">\r\n\t\t\t\t\t<div class=\"e-gallery-image elementor-gallery-item__image\" data-thumbnail=\"https:\/\/parafia-janow.pl\/wp-content\/uploads\/2021\/05\/Boze_Cialo_uroczystosc023-300x200.jpg\" data-width=\"300\" data-height=\"200\" aria-label=\"\" role=\"img\" ><\/div>\r\n\t\t\t\t\t\t\t\t\t\t\t<div class=\"elementor-gallery-item__overlay\"><\/div>\r\n\t\t\t\t\t\t\t\t\t\t\t\t\t\t<\/a>\r\n\t\t\t\t\t\t\t<a class=\"e-gallery-item elementor-gallery-item elementor-animated-content\" href=\"https:\/\/parafia-janow.pl\/wp-content\/uploads\/2021\/05\/Boze_Cialo_uroczystosc024-scaled.jpg\" data-elementor-open-lightbox=\"yes\" data-elementor-lightbox-slideshow=\"0b1ba3e\" data-elementor-lightbox-title=\"Boze_Cialo_uroczystosc024\" data-e-action-hash=\"#elementor-action%3Aaction%3Dlightbox%26settings%3DeyJpZCI6NjY2LCJ1cmwiOiJodHRwczpcL1wvcGFyYWZpYS1qYW5vdy5wbFwvd3AtY29udGVudFwvdXBsb2Fkc1wvMjAyMVwvMDVcL0JvemVfQ2lhbG9fdXJvY3p5c3Rvc2MwMjQtc2NhbGVkLmpwZyIsInNsaWRlc2hvdyI6IjBiMWJhM2UifQ%3D%3D\">\r\n\t\t\t\t\t<div class=\"e-gallery-image elementor-gallery-item__image\" data-thumbnail=\"https:\/\/parafia-janow.pl\/wp-content\/uploads\/2021\/05\/Boze_Cialo_uroczystosc024-300x200.jpg\" data-width=\"300\" data-height=\"200\" aria-label=\"\" role=\"img\" ><\/div>\r\n\t\t\t\t\t\t\t\t\t\t\t<div class=\"elementor-gallery-item__overlay\"><\/div>\r\n\t\t\t\t\t\t\t\t\t\t\t\t\t\t<\/a>\r\n\t\t\t\t\t\t\t<a class=\"e-gallery-item elementor-gallery-item elementor-animated-content\" href=\"https:\/\/parafia-janow.pl\/wp-content\/uploads\/2021\/05\/Boze_Cialo_uroczystosc025-scaled.jpg\" data-elementor-open-lightbox=\"yes\" data-elementor-lightbox-slideshow=\"0b1ba3e\" data-elementor-lightbox-title=\"Boze_Cialo_uroczystosc025\" data-e-action-hash=\"#elementor-action%3Aaction%3Dlightbox%26settings%3DeyJpZCI6NjY3LCJ1cmwiOiJodHRwczpcL1wvcGFyYWZpYS1qYW5vdy5wbFwvd3AtY29udGVudFwvdXBsb2Fkc1wvMjAyMVwvMDVcL0JvemVfQ2lhbG9fdXJvY3p5c3Rvc2MwMjUtc2NhbGVkLmpwZyIsInNsaWRlc2hvdyI6IjBiMWJhM2UifQ%3D%3D\">\r\n\t\t\t\t\t<div class=\"e-gallery-image elementor-gallery-item__image\" data-thumbnail=\"https:\/\/parafia-janow.pl\/wp-content\/uploads\/2021\/05\/Boze_Cialo_uroczystosc025-300x200.jpg\" data-width=\"300\" data-height=\"200\" aria-label=\"\" role=\"img\" ><\/div>\r\n\t\t\t\t\t\t\t\t\t\t\t<div class=\"elementor-gallery-item__overlay\"><\/div>\r\n\t\t\t\t\t\t\t\t\t\t\t\t\t\t<\/a>\r\n\t\t\t\t\t\t\t<a class=\"e-gallery-item elementor-gallery-item elementor-animated-content\" href=\"https:\/\/parafia-janow.pl\/wp-content\/uploads\/2021\/05\/Boze_Cialo_uroczystosc018-scaled.jpg\" data-elementor-open-lightbox=\"yes\" data-elementor-lightbox-slideshow=\"0b1ba3e\" data-elementor-lightbox-title=\"Boze_Cialo_uroczystosc018\" data-e-action-hash=\"#elementor-action%3Aaction%3Dlightbox%26settings%3DeyJpZCI6NjYwLCJ1cmwiOiJodHRwczpcL1wvcGFyYWZpYS1qYW5vdy5wbFwvd3AtY29udGVudFwvdXBsb2Fkc1wvMjAyMVwvMDVcL0JvemVfQ2lhbG9fdXJvY3p5c3Rvc2MwMTgtc2NhbGVkLmpwZyIsInNsaWRlc2hvdyI6IjBiMWJhM2UifQ%3D%3D\">\r\n\t\t\t\t\t<div class=\"e-gallery-image elementor-gallery-item__image\" data-thumbnail=\"https:\/\/parafia-janow.pl\/wp-content\/uploads\/2021\/05\/Boze_Cialo_uroczystosc018-300x200.jpg\" data-width=\"300\" data-height=\"200\" aria-label=\"\" role=\"img\" ><\/div>\r\n\t\t\t\t\t\t\t\t\t\t\t<div class=\"elementor-gallery-item__overlay\"><\/div>\r\n\t\t\t\t\t\t\t\t\t\t\t\t\t\t<\/a>\r\n\t\t\t\t\t\t\t<a class=\"e-gallery-item elementor-gallery-item elementor-animated-content\" href=\"https:\/\/parafia-janow.pl\/wp-content\/uploads\/2021\/05\/Boze_Cialo_uroczystosc017-scaled.jpg\" data-elementor-open-lightbox=\"yes\" data-elementor-lightbox-slideshow=\"0b1ba3e\" data-elementor-lightbox-title=\"Boze_Cialo_uroczystosc017\" data-e-action-hash=\"#elementor-action%3Aaction%3Dlightbox%26settings%3DeyJpZCI6NjU5LCJ1cmwiOiJodHRwczpcL1wvcGFyYWZpYS1qYW5vdy5wbFwvd3AtY29udGVudFwvdXBsb2Fkc1wvMjAyMVwvMDVcL0JvemVfQ2lhbG9fdXJvY3p5c3Rvc2MwMTctc2NhbGVkLmpwZyIsInNsaWRlc2hvdyI6IjBiMWJhM2UifQ%3D%3D\">\r\n\t\t\t\t\t<div class=\"e-gallery-image elementor-gallery-item__image\" data-thumbnail=\"https:\/\/parafia-janow.pl\/wp-content\/uploads\/2021\/05\/Boze_Cialo_uroczystosc017-300x200.jpg\" data-width=\"300\" data-height=\"200\" aria-label=\"\" role=\"img\" ><\/div>\r\n\t\t\t\t\t\t\t\t\t\t\t<div class=\"elementor-gallery-item__overlay\"><\/div>\r\n\t\t\t\t\t\t\t\t\t\t\t\t\t\t<\/a>\r\n\t\t\t\t\t\t\t<a class=\"e-gallery-item elementor-gallery-item elementor-animated-content\" href=\"https:\/\/parafia-janow.pl\/wp-content\/uploads\/2021\/05\/Boze_Cialo_uroczystosc016-scaled.jpg\" data-elementor-open-lightbox=\"yes\" data-elementor-lightbox-slideshow=\"0b1ba3e\" data-elementor-lightbox-title=\"Boze_Cialo_uroczystosc016\" data-e-action-hash=\"#elementor-action%3Aaction%3Dlightbox%26settings%3DeyJpZCI6NjU4LCJ1cmwiOiJodHRwczpcL1wvcGFyYWZpYS1qYW5vdy5wbFwvd3AtY29udGVudFwvdXBsb2Fkc1wvMjAyMVwvMDVcL0JvemVfQ2lhbG9fdXJvY3p5c3Rvc2MwMTYtc2NhbGVkLmpwZyIsInNsaWRlc2hvdyI6IjBiMWJhM2UifQ%3D%3D\">\r\n\t\t\t\t\t<div class=\"e-gallery-image elementor-gallery-item__image\" data-thumbnail=\"https:\/\/parafia-janow.pl\/wp-content\/uploads\/2021\/05\/Boze_Cialo_uroczystosc016-300x200.jpg\" data-width=\"300\" data-height=\"200\" aria-label=\"\" role=\"img\" ><\/div>\r\n\t\t\t\t\t\t\t\t\t\t\t<div class=\"elementor-gallery-item__overlay\"><\/div>\r\n\t\t\t\t\t\t\t\t\t\t\t\t\t\t<\/a>\r\n\t\t\t\t\t\t\t<a class=\"e-gallery-item elementor-gallery-item elementor-animated-content\" href=\"https:\/\/parafia-janow.pl\/wp-content\/uploads\/2021\/05\/Boze_Cialo_uroczystosc015-scaled.jpg\" data-elementor-open-lightbox=\"yes\" data-elementor-lightbox-slideshow=\"0b1ba3e\" data-elementor-lightbox-title=\"Boze_Cialo_uroczystosc015\" data-e-action-hash=\"#elementor-action%3Aaction%3Dlightbox%26settings%3DeyJpZCI6NjU3LCJ1cmwiOiJodHRwczpcL1wvcGFyYWZpYS1qYW5vdy5wbFwvd3AtY29udGVudFwvdXBsb2Fkc1wvMjAyMVwvMDVcL0JvemVfQ2lhbG9fdXJvY3p5c3Rvc2MwMTUtc2NhbGVkLmpwZyIsInNsaWRlc2hvdyI6IjBiMWJhM2UifQ%3D%3D\">\r\n\t\t\t\t\t<div class=\"e-gallery-image elementor-gallery-item__image\" data-thumbnail=\"https:\/\/parafia-janow.pl\/wp-content\/uploads\/2021\/05\/Boze_Cialo_uroczystosc015-300x200.jpg\" data-width=\"300\" data-height=\"200\" aria-label=\"\" role=\"img\" ><\/div>\r\n\t\t\t\t\t\t\t\t\t\t\t<div class=\"elementor-gallery-item__overlay\"><\/div>\r\n\t\t\t\t\t\t\t\t\t\t\t\t\t\t<\/a>\r\n\t\t\t\t\t\t\t<a class=\"e-gallery-item elementor-gallery-item elementor-animated-content\" href=\"https:\/\/parafia-janow.pl\/wp-content\/uploads\/2021\/05\/Boze_Cialo_uroczystosc014-scaled.jpg\" data-elementor-open-lightbox=\"yes\" data-elementor-lightbox-slideshow=\"0b1ba3e\" data-elementor-lightbox-title=\"Boze_Cialo_uroczystosc014\" data-e-action-hash=\"#elementor-action%3Aaction%3Dlightbox%26settings%3DeyJpZCI6NjU2LCJ1cmwiOiJodHRwczpcL1wvcGFyYWZpYS1qYW5vdy5wbFwvd3AtY29udGVudFwvdXBsb2Fkc1wvMjAyMVwvMDVcL0JvemVfQ2lhbG9fdXJvY3p5c3Rvc2MwMTQtc2NhbGVkLmpwZyIsInNsaWRlc2hvdyI6IjBiMWJhM2UifQ%3D%3D\">\r\n\t\t\t\t\t<div class=\"e-gallery-image elementor-gallery-item__image\" data-thumbnail=\"https:\/\/parafia-janow.pl\/wp-content\/uploads\/2021\/05\/Boze_Cialo_uroczystosc014-300x200.jpg\" data-width=\"300\" data-height=\"200\" aria-label=\"\" role=\"img\" ><\/div>\r\n\t\t\t\t\t\t\t\t\t\t\t<div class=\"elementor-gallery-item__overlay\"><\/div>\r\n\t\t\t\t\t\t\t\t\t\t\t\t\t\t<\/a>\r\n\t\t\t\t\t\t\t<a class=\"e-gallery-item elementor-gallery-item elementor-animated-content\" href=\"https:\/\/parafia-janow.pl\/wp-content\/uploads\/2021\/05\/Boze_Cialo_uroczystosc013-scaled.jpg\" data-elementor-open-lightbox=\"yes\" data-elementor-lightbox-slideshow=\"0b1ba3e\" data-elementor-lightbox-title=\"Boze_Cialo_uroczystosc013\" data-e-action-hash=\"#elementor-action%3Aaction%3Dlightbox%26settings%3DeyJpZCI6NjU1LCJ1cmwiOiJodHRwczpcL1wvcGFyYWZpYS1qYW5vdy5wbFwvd3AtY29udGVudFwvdXBsb2Fkc1wvMjAyMVwvMDVcL0JvemVfQ2lhbG9fdXJvY3p5c3Rvc2MwMTMtc2NhbGVkLmpwZyIsInNsaWRlc2hvdyI6IjBiMWJhM2UifQ%3D%3D\">\r\n\t\t\t\t\t<div class=\"e-gallery-image elementor-gallery-item__image\" data-thumbnail=\"https:\/\/parafia-janow.pl\/wp-content\/uploads\/2021\/05\/Boze_Cialo_uroczystosc013-300x200.jpg\" data-width=\"300\" data-height=\"200\" aria-label=\"\" role=\"img\" ><\/div>\r\n\t\t\t\t\t\t\t\t\t\t\t<div class=\"elementor-gallery-item__overlay\"><\/div>\r\n\t\t\t\t\t\t\t\t\t\t\t\t\t\t<\/a>\r\n\t\t\t\t\t\t\t<a class=\"e-gallery-item elementor-gallery-item elementor-animated-content\" href=\"https:\/\/parafia-janow.pl\/wp-content\/uploads\/2021\/05\/Boze_Cialo_uroczystosc012-scaled.jpg\" data-elementor-open-lightbox=\"yes\" data-elementor-lightbox-slideshow=\"0b1ba3e\" data-elementor-lightbox-title=\"Boze_Cialo_uroczystosc012\" data-e-action-hash=\"#elementor-action%3Aaction%3Dlightbox%26settings%3DeyJpZCI6NjU0LCJ1cmwiOiJodHRwczpcL1wvcGFyYWZpYS1qYW5vdy5wbFwvd3AtY29udGVudFwvdXBsb2Fkc1wvMjAyMVwvMDVcL0JvemVfQ2lhbG9fdXJvY3p5c3Rvc2MwMTItc2NhbGVkLmpwZyIsInNsaWRlc2hvdyI6IjBiMWJhM2UifQ%3D%3D\">\r\n\t\t\t\t\t<div class=\"e-gallery-image elementor-gallery-item__image\" data-thumbnail=\"https:\/\/parafia-janow.pl\/wp-content\/uploads\/2021\/05\/Boze_Cialo_uroczystosc012-300x200.jpg\" data-width=\"300\" data-height=\"200\" aria-label=\"\" role=\"img\" ><\/div>\r\n\t\t\t\t\t\t\t\t\t\t\t<div class=\"elementor-gallery-item__overlay\"><\/div>\r\n\t\t\t\t\t\t\t\t\t\t\t\t\t\t<\/a>\r\n\t\t\t\t\t\t\t<a class=\"e-gallery-item elementor-gallery-item elementor-animated-content\" href=\"https:\/\/parafia-janow.pl\/wp-content\/uploads\/2021\/05\/Boze_Cialo_uroczystosc005-scaled.jpg\" data-elementor-open-lightbox=\"yes\" data-elementor-lightbox-slideshow=\"0b1ba3e\" data-elementor-lightbox-title=\"Boze_Cialo_uroczystosc005\" data-e-action-hash=\"#elementor-action%3Aaction%3Dlightbox%26settings%3DeyJpZCI6NjQ3LCJ1cmwiOiJodHRwczpcL1wvcGFyYWZpYS1qYW5vdy5wbFwvd3AtY29udGVudFwvdXBsb2Fkc1wvMjAyMVwvMDVcL0JvemVfQ2lhbG9fdXJvY3p5c3Rvc2MwMDUtc2NhbGVkLmpwZyIsInNsaWRlc2hvdyI6IjBiMWJhM2UifQ%3D%3D\">\r\n\t\t\t\t\t<div class=\"e-gallery-image elementor-gallery-item__image\" data-thumbnail=\"https:\/\/parafia-janow.pl\/wp-content\/uploads\/2021\/05\/Boze_Cialo_uroczystosc005-300x200.jpg\" data-width=\"300\" data-height=\"200\" aria-label=\"\" role=\"img\" ><\/div>\r\n\t\t\t\t\t\t\t\t\t\t\t<div class=\"elementor-gallery-item__overlay\"><\/div>\r\n\t\t\t\t\t\t\t\t\t\t\t\t\t\t<\/a>\r\n\t\t\t\t\t\t\t<a class=\"e-gallery-item elementor-gallery-item elementor-animated-content\" href=\"https:\/\/parafia-janow.pl\/wp-content\/uploads\/2021\/05\/Boze_Cialo_uroczystosc006-scaled.jpg\" data-elementor-open-lightbox=\"yes\" data-elementor-lightbox-slideshow=\"0b1ba3e\" data-elementor-lightbox-title=\"Boze_Cialo_uroczystosc006\" data-e-action-hash=\"#elementor-action%3Aaction%3Dlightbox%26settings%3DeyJpZCI6NjQ4LCJ1cmwiOiJodHRwczpcL1wvcGFyYWZpYS1qYW5vdy5wbFwvd3AtY29udGVudFwvdXBsb2Fkc1wvMjAyMVwvMDVcL0JvemVfQ2lhbG9fdXJvY3p5c3Rvc2MwMDYtc2NhbGVkLmpwZyIsInNsaWRlc2hvdyI6IjBiMWJhM2UifQ%3D%3D\">\r\n\t\t\t\t\t<div class=\"e-gallery-image elementor-gallery-item__image\" data-thumbnail=\"https:\/\/parafia-janow.pl\/wp-content\/uploads\/2021\/05\/Boze_Cialo_uroczystosc006-300x200.jpg\" data-width=\"300\" data-height=\"200\" aria-label=\"\" role=\"img\" ><\/div>\r\n\t\t\t\t\t\t\t\t\t\t\t<div class=\"elementor-gallery-item__overlay\"><\/div>\r\n\t\t\t\t\t\t\t\t\t\t\t\t\t\t<\/a>\r\n\t\t\t\t\t\t\t<a class=\"e-gallery-item elementor-gallery-item elementor-animated-content\" href=\"https:\/\/parafia-janow.pl\/wp-content\/uploads\/2021\/05\/Boze_Cialo_uroczystosc007-scaled.jpg\" data-elementor-open-lightbox=\"yes\" data-elementor-lightbox-slideshow=\"0b1ba3e\" data-elementor-lightbox-title=\"Boze_Cialo_uroczystosc007\" data-e-action-hash=\"#elementor-action%3Aaction%3Dlightbox%26settings%3DeyJpZCI6NjQ5LCJ1cmwiOiJodHRwczpcL1wvcGFyYWZpYS1qYW5vdy5wbFwvd3AtY29udGVudFwvdXBsb2Fkc1wvMjAyMVwvMDVcL0JvemVfQ2lhbG9fdXJvY3p5c3Rvc2MwMDctc2NhbGVkLmpwZyIsInNsaWRlc2hvdyI6IjBiMWJhM2UifQ%3D%3D\">\r\n\t\t\t\t\t<div class=\"e-gallery-image elementor-gallery-item__image\" data-thumbnail=\"https:\/\/parafia-janow.pl\/wp-content\/uploads\/2021\/05\/Boze_Cialo_uroczystosc007-300x200.jpg\" data-width=\"300\" data-height=\"200\" aria-label=\"\" role=\"img\" ><\/div>\r\n\t\t\t\t\t\t\t\t\t\t\t<div class=\"elementor-gallery-item__overlay\"><\/div>\r\n\t\t\t\t\t\t\t\t\t\t\t\t\t\t<\/a>\r\n\t\t\t\t\t\t\t<a class=\"e-gallery-item elementor-gallery-item elementor-animated-content\" href=\"https:\/\/parafia-janow.pl\/wp-content\/uploads\/2021\/05\/Boze_Cialo_uroczystosc008-scaled.jpg\" data-elementor-open-lightbox=\"yes\" data-elementor-lightbox-slideshow=\"0b1ba3e\" data-elementor-lightbox-title=\"Boze_Cialo_uroczystosc008\" data-e-action-hash=\"#elementor-action%3Aaction%3Dlightbox%26settings%3DeyJpZCI6NjUwLCJ1cmwiOiJodHRwczpcL1wvcGFyYWZpYS1qYW5vdy5wbFwvd3AtY29udGVudFwvdXBsb2Fkc1wvMjAyMVwvMDVcL0JvemVfQ2lhbG9fdXJvY3p5c3Rvc2MwMDgtc2NhbGVkLmpwZyIsInNsaWRlc2hvdyI6IjBiMWJhM2UifQ%3D%3D\">\r\n\t\t\t\t\t<div class=\"e-gallery-image elementor-gallery-item__image\" data-thumbnail=\"https:\/\/parafia-janow.pl\/wp-content\/uploads\/2021\/05\/Boze_Cialo_uroczystosc008-300x200.jpg\" data-width=\"300\" data-height=\"200\" aria-label=\"\" role=\"img\" ><\/div>\r\n\t\t\t\t\t\t\t\t\t\t\t<div class=\"elementor-gallery-item__overlay\"><\/div>\r\n\t\t\t\t\t\t\t\t\t\t\t\t\t\t<\/a>\r\n\t\t\t\t\t\t\t<a class=\"e-gallery-item elementor-gallery-item elementor-animated-content\" href=\"https:\/\/parafia-janow.pl\/wp-content\/uploads\/2021\/05\/Boze_Cialo_uroczystosc009-scaled.jpg\" data-elementor-open-lightbox=\"yes\" data-elementor-lightbox-slideshow=\"0b1ba3e\" data-elementor-lightbox-title=\"Boze_Cialo_uroczystosc009\" data-e-action-hash=\"#elementor-action%3Aaction%3Dlightbox%26settings%3DeyJpZCI6NjUxLCJ1cmwiOiJodHRwczpcL1wvcGFyYWZpYS1qYW5vdy5wbFwvd3AtY29udGVudFwvdXBsb2Fkc1wvMjAyMVwvMDVcL0JvemVfQ2lhbG9fdXJvY3p5c3Rvc2MwMDktc2NhbGVkLmpwZyIsInNsaWRlc2hvdyI6IjBiMWJhM2UifQ%3D%3D\">\r\n\t\t\t\t\t<div class=\"e-gallery-image elementor-gallery-item__image\" data-thumbnail=\"https:\/\/parafia-janow.pl\/wp-content\/uploads\/2021\/05\/Boze_Cialo_uroczystosc009-300x200.jpg\" data-width=\"300\" data-height=\"200\" aria-label=\"\" role=\"img\" ><\/div>\r\n\t\t\t\t\t\t\t\t\t\t\t<div class=\"elementor-gallery-item__overlay\"><\/div>\r\n\t\t\t\t\t\t\t\t\t\t\t\t\t\t<\/a>\r\n\t\t\t\t\t\t\t<a class=\"e-gallery-item elementor-gallery-item elementor-animated-content\" href=\"https:\/\/parafia-janow.pl\/wp-content\/uploads\/2021\/05\/Boze_Cialo_uroczystosc010-scaled.jpg\" data-elementor-open-lightbox=\"yes\" data-elementor-lightbox-slideshow=\"0b1ba3e\" data-elementor-lightbox-title=\"Boze_Cialo_uroczystosc010\" data-e-action-hash=\"#elementor-action%3Aaction%3Dlightbox%26settings%3DeyJpZCI6NjUyLCJ1cmwiOiJodHRwczpcL1wvcGFyYWZpYS1qYW5vdy5wbFwvd3AtY29udGVudFwvdXBsb2Fkc1wvMjAyMVwvMDVcL0JvemVfQ2lhbG9fdXJvY3p5c3Rvc2MwMTAtc2NhbGVkLmpwZyIsInNsaWRlc2hvdyI6IjBiMWJhM2UifQ%3D%3D\">\r\n\t\t\t\t\t<div class=\"e-gallery-image elementor-gallery-item__image\" data-thumbnail=\"https:\/\/parafia-janow.pl\/wp-content\/uploads\/2021\/05\/Boze_Cialo_uroczystosc010-300x200.jpg\" data-width=\"300\" data-height=\"200\" aria-label=\"\" role=\"img\" ><\/div>\r\n\t\t\t\t\t\t\t\t\t\t\t<div class=\"elementor-gallery-item__overlay\"><\/div>\r\n\t\t\t\t\t\t\t\t\t\t\t\t\t\t<\/a>\r\n\t\t\t\t\t\t\t<a class=\"e-gallery-item elementor-gallery-item elementor-animated-content\" href=\"https:\/\/parafia-janow.pl\/wp-content\/uploads\/2021\/05\/Boze_Cialo_uroczystosc011-scaled.jpg\" data-elementor-open-lightbox=\"yes\" data-elementor-lightbox-slideshow=\"0b1ba3e\" data-elementor-lightbox-title=\"Boze_Cialo_uroczystosc011\" data-e-action-hash=\"#elementor-action%3Aaction%3Dlightbox%26settings%3DeyJpZCI6NjUzLCJ1cmwiOiJodHRwczpcL1wvcGFyYWZpYS1qYW5vdy5wbFwvd3AtY29udGVudFwvdXBsb2Fkc1wvMjAyMVwvMDVcL0JvemVfQ2lhbG9fdXJvY3p5c3Rvc2MwMTEtc2NhbGVkLmpwZyIsInNsaWRlc2hvdyI6IjBiMWJhM2UifQ%3D%3D\">\r\n\t\t\t\t\t<div class=\"e-gallery-image elementor-gallery-item__image\" data-thumbnail=\"https:\/\/parafia-janow.pl\/wp-content\/uploads\/2021\/05\/Boze_Cialo_uroczystosc011-300x200.jpg\" data-width=\"300\" data-height=\"200\" aria-label=\"\" role=\"img\" ><\/div>\r\n\t\t\t\t\t\t\t\t\t\t\t<div class=\"elementor-gallery-item__overlay\"><\/div>\r\n\t\t\t\t\t\t\t\t\t\t\t\t\t\t<\/a>\r\n\t\t\t\t\t\t\t<a class=\"e-gallery-item elementor-gallery-item elementor-animated-content\" href=\"https:\/\/parafia-janow.pl\/wp-content\/uploads\/2021\/05\/Boze_Cialo_uroczystosc004-scaled.jpg\" data-elementor-open-lightbox=\"yes\" data-elementor-lightbox-slideshow=\"0b1ba3e\" data-elementor-lightbox-title=\"Boze_Cialo_uroczystosc004\" data-e-action-hash=\"#elementor-action%3Aaction%3Dlightbox%26settings%3DeyJpZCI6NjQ2LCJ1cmwiOiJodHRwczpcL1wvcGFyYWZpYS1qYW5vdy5wbFwvd3AtY29udGVudFwvdXBsb2Fkc1wvMjAyMVwvMDVcL0JvemVfQ2lhbG9fdXJvY3p5c3Rvc2MwMDQtc2NhbGVkLmpwZyIsInNsaWRlc2hvdyI6IjBiMWJhM2UifQ%3D%3D\">\r\n\t\t\t\t\t<div class=\"e-gallery-image elementor-gallery-item__image\" data-thumbnail=\"https:\/\/parafia-janow.pl\/wp-content\/uploads\/2021\/05\/Boze_Cialo_uroczystosc004-300x200.jpg\" data-width=\"300\" data-height=\"200\" aria-label=\"\" role=\"img\" ><\/div>\r\n\t\t\t\t\t\t\t\t\t\t\t<div class=\"elementor-gallery-item__overlay\"><\/div>\r\n\t\t\t\t\t\t\t\t\t\t\t\t\t\t<\/a>\r\n\t\t\t\t\t\t\t<a class=\"e-gallery-item elementor-gallery-item elementor-animated-content\" href=\"https:\/\/parafia-janow.pl\/wp-content\/uploads\/2021\/05\/Boze_Cialo_uroczystosc003-scaled.jpg\" data-elementor-open-lightbox=\"yes\" data-elementor-lightbox-slideshow=\"0b1ba3e\" data-elementor-lightbox-title=\"Boze_Cialo_uroczystosc003\" data-e-action-hash=\"#elementor-action%3Aaction%3Dlightbox%26settings%3DeyJpZCI6NjQ1LCJ1cmwiOiJodHRwczpcL1wvcGFyYWZpYS1qYW5vdy5wbFwvd3AtY29udGVudFwvdXBsb2Fkc1wvMjAyMVwvMDVcL0JvemVfQ2lhbG9fdXJvY3p5c3Rvc2MwMDMtc2NhbGVkLmpwZyIsInNsaWRlc2hvdyI6IjBiMWJhM2UifQ%3D%3D\">\r\n\t\t\t\t\t<div class=\"e-gallery-image elementor-gallery-item__image\" data-thumbnail=\"https:\/\/parafia-janow.pl\/wp-content\/uploads\/2021\/05\/Boze_Cialo_uroczystosc003-200x300.jpg\" data-width=\"200\" data-height=\"300\" aria-label=\"\" role=\"img\" ><\/div>\r\n\t\t\t\t\t\t\t\t\t\t\t<div class=\"elementor-gallery-item__overlay\"><\/div>\r\n\t\t\t\t\t\t\t\t\t\t\t\t\t\t<\/a>\r\n\t\t\t\t\t\t\t<a class=\"e-gallery-item elementor-gallery-item elementor-animated-content\" href=\"https:\/\/parafia-janow.pl\/wp-content\/uploads\/2021\/05\/Boze_Cialo_uroczystosc002-scaled.jpg\" data-elementor-open-lightbox=\"yes\" data-elementor-lightbox-slideshow=\"0b1ba3e\" data-elementor-lightbox-title=\"Boze_Cialo_uroczystosc002\" data-e-action-hash=\"#elementor-action%3Aaction%3Dlightbox%26settings%3DeyJpZCI6NjQ0LCJ1cmwiOiJodHRwczpcL1wvcGFyYWZpYS1qYW5vdy5wbFwvd3AtY29udGVudFwvdXBsb2Fkc1wvMjAyMVwvMDVcL0JvemVfQ2lhbG9fdXJvY3p5c3Rvc2MwMDItc2NhbGVkLmpwZyIsInNsaWRlc2hvdyI6IjBiMWJhM2UifQ%3D%3D\">\r\n\t\t\t\t\t<div class=\"e-gallery-image elementor-gallery-item__image\" data-thumbnail=\"https:\/\/parafia-janow.pl\/wp-content\/uploads\/2021\/05\/Boze_Cialo_uroczystosc002-300x200.jpg\" data-width=\"300\" data-height=\"200\" aria-label=\"\" role=\"img\" ><\/div>\r\n\t\t\t\t\t\t\t\t\t\t\t<div class=\"elementor-gallery-item__overlay\"><\/div>\r\n\t\t\t\t\t\t\t\t\t\t\t\t\t\t<\/a>\r\n\t\t\t\t\t\t\t<a class=\"e-gallery-item elementor-gallery-item elementor-animated-content\" href=\"https:\/\/parafia-janow.pl\/wp-content\/uploads\/2021\/05\/Boze_Cialo_uroczystosc001-scaled.jpg\" data-elementor-open-lightbox=\"yes\" data-elementor-lightbox-slideshow=\"0b1ba3e\" data-elementor-lightbox-title=\"Boze_Cialo_uroczystosc001\" data-e-action-hash=\"#elementor-action%3Aaction%3Dlightbox%26settings%3DeyJpZCI6NjQzLCJ1cmwiOiJodHRwczpcL1wvcGFyYWZpYS1qYW5vdy5wbFwvd3AtY29udGVudFwvdXBsb2Fkc1wvMjAyMVwvMDVcL0JvemVfQ2lhbG9fdXJvY3p5c3Rvc2MwMDEtc2NhbGVkLmpwZyIsInNsaWRlc2hvdyI6IjBiMWJhM2UifQ%3D%3D\">\r\n\t\t\t\t\t<div class=\"e-gallery-image elementor-gallery-item__image\" data-thumbnail=\"https:\/\/parafia-janow.pl\/wp-content\/uploads\/2021\/05\/Boze_Cialo_uroczystosc001-300x200.jpg\" data-width=\"300\" data-height=\"200\" aria-label=\"Uroczysto\u015b Bo\u017cego Cia\u0142a 2020\" role=\"img\" ><\/div>\r\n\t\t\t\t\t\t\t\t\t\t\t<div class=\"elementor-gallery-item__overlay\"><\/div>\r\n\t\t\t\t\t\t\t\t\t\t\t\t\t\t<\/a>\r\n\t\t\t\t\t<\/div>\r\n\t\t\t\t\t<\/div>\n\t\t\t\t<\/div>\n\t\t\t\t\t<\/div>\n\t\t<\/div>\n\t\t\t\t\t<\/div>\n\t\t<\/section>\n\t\t\t\t<\/div>\n\t\t","protected":false},"excerpt":{"rendered":"<p>Przygotowania do uroczysto\u015bci Bo\u017cego Cia\u0142a 2020 Uroczysto\u015b\u0107 Bo\u017cego Cia\u0142a 2020<\/p>\n","protected":false},"author":2,"featured_media":0,"parent":55,"menu_order":0,"comment_status":"closed","ping_status":"closed","template":"","meta":{"footnotes":""},"class_list":["entry","page","publish","author-parafia","post-730"],"_links":{"self":[{"href":"https:\/\/parafia-janow.pl\/index.php\/wp-json\/wp\/v2\/pages\/730","targetHints":{"allow":["GET"]}}],"collection":[{"href":"https:\/\/parafia-janow.pl\/index.php\/wp-json\/wp\/v2\/pages"}],"about":[{"href":"https:\/\/parafia-janow.pl\/index.php\/wp-json\/wp\/v2\/types\/page"}],"author":[{"embeddable":true,"href":"https:\/\/parafia-janow.pl\/index.php\/wp-json\/wp\/v2\/users\/2"}],"replies":[{"embeddable":true,"href":"https:\/\/parafia-janow.pl\/index.php\/wp-json\/wp\/v2\/comments?post=730"}],"version-history":[{"count":0,"href":"https:\/\/parafia-janow.pl\/index.php\/wp-json\/wp\/v2\/pages\/730\/revisions"}],"up":[{"embeddable":true,"href":"https:\/\/parafia-janow.pl\/index.php\/wp-json\/wp\/v2\/pages\/55"}],"wp:attachment":[{"href":"https:\/\/parafia-janow.pl\/index.php\/wp-json\/wp\/v2\/media?parent=730"}],"curies":[{"name":"wp","href":"https:\/\/api.w.org\/{rel}","templated":true}]}}