{"id":508,"date":"2021-04-24T19:56:30","date_gmt":"2021-04-24T17:56:30","guid":{"rendered":"http:\/\/parafia-janow.pl\/?page_id=508"},"modified":"2021-04-24T20:06:13","modified_gmt":"2021-04-24T18:06:13","slug":"inne","status":"publish","type":"page","link":"https:\/\/parafia-janow.pl\/index.php\/inne\/","title":{"rendered":"Inne"},"content":{"rendered":"\t\t<div data-elementor-type=\"wp-page\" data-elementor-id=\"508\" class=\"elementor elementor-508\" data-elementor-post-type=\"page\">\n\t\t\t\t\t\t<section class=\"elementor-section elementor-top-section elementor-element elementor-element-122cda1 elementor-section-boxed elementor-section-height-default elementor-section-height-default\" data-id=\"122cda1\" data-element_type=\"section\" data-e-type=\"section\">\n\t\t\t\t\t\t<div class=\"elementor-container elementor-column-gap-default\">\n\t\t\t\t\t<div class=\"elementor-column elementor-col-100 elementor-top-column elementor-element elementor-element-130708b\" data-id=\"130708b\" data-element_type=\"column\" data-e-type=\"column\">\n\t\t\t<div class=\"elementor-widget-wrap elementor-element-populated\">\n\t\t\t\t\t\t<div class=\"elementor-element elementor-element-5794244 elementor-widget elementor-widget-text-editor\" data-id=\"5794244\" data-element_type=\"widget\" data-e-type=\"widget\" data-widget_type=\"text-editor.default\">\n\t\t\t\t<div class=\"elementor-widget-container\">\n\t\t\t\t\t\t\t\t\t<p><span style=\"font-family: Times New Roman, serif; color: #800080;\"><span style=\"font-size: large;\"><u><b>Informacje uzupe\u0142niaj\u0105ce o parafii. <\/b><\/u><\/span><\/span><\/p><p><span style=\"font-family: Times New Roman, serif;\"><span style=\"font-size: large;\"><b><span style=\"color: #333399;\">G\u0142\u00f3wny odpust parafii, ko\u015bci\u00f3\u0142 w Janowie:\u00a0<\/span>\u00a0\u00a0\u00a0\u00a0\u00a0\u00a0\u00a0\u00a0\u00a0\u00a0\u00a0\u00a0\u00a0\u00a0\u00a0\u00a0\u00a0\u00a0\u00a0\u00a0\u00a0\u00a0\u00a0\u00a0\u00a0\u00a0\u00a0\u00a0\u00a0\u00a0\u00a0\u00a0\u00a0\u00a0\u00a0\u00a0\u00a0\u00a0\u00a0\u00a0\u00a0\u00a0\u00a0\u00a0\u00a0\u00a0\u00a0 <\/b><\/span><\/span>\u2013 <span style=\"font-family: Times New Roman, serif;\"><span style=\"font-size: large;\"><u>UROCZYSTO\u015a\u0106 NIEPOKALANEGO POCZ\u0118CIA NAJ\u015aWI\u0118TSZEJ MARYI PANNY &#8211; <\/u><b>08 grudzie\u0144<\/b><\/span><\/span><\/p><p><span style=\"font-family: Times New Roman, serif;\"><span style=\"font-size: large;\"><b><span style=\"color: #333399;\">Odpust w kaplicy w Piasku:\u00a0<\/span>\u00a0\u00a0\u00a0\u00a0\u00a0\u00a0\u00a0\u00a0\u00a0\u00a0\u00a0\u00a0\u00a0\u00a0\u00a0\u00a0\u00a0\u00a0\u00a0\u00a0\u00a0\u00a0\u00a0\u00a0\u00a0\u00a0\u00a0\u00a0\u00a0\u00a0\u00a0\u00a0\u00a0\u00a0\u00a0\u00a0\u00a0\u00a0\u00a0\u00a0\u00a0\u00a0\u00a0 <\/b><\/span><\/span><u>\u2013 <span style=\"font-family: Times New Roman, serif;\"><span style=\"font-size: large;\">UROCZYSTO\u015a\u0106 \u015aWI\u0118TEGO STANIS\u0141AWA BISKUPA I<\/span><\/span><\/u> <u>M\u0118CZENNIKA <\/u>\u2013 <b>08 maj<\/b><\/p><p><span style=\"font-family: Times New Roman, serif;\"><span style=\"font-size: large;\"><b><span style=\"color: #333399;\">Odpust w kaplicy w Skowronowie:\u00a0<\/span>\u00a0\u00a0\u00a0\u00a0\u00a0\u00a0\u00a0\u00a0\u00a0\u00a0\u00a0\u00a0\u00a0\u00a0\u00a0\u00a0\u00a0\u00a0\u00a0\u00a0\u00a0\u00a0\u00a0\u00a0\u00a0\u00a0\u00a0\u00a0\u00a0\u00a0\u00a0\u00a0\u00a0 <\/b><\/span><\/span><span style=\"font-family: Times New Roman, serif;\"><span style=\"font-size: large;\">&#8211; <u>UROCZYSTO\u015a\u0106 WNIEBOWZI\u0118CIA NAJ\u015aWI\u0118TSZEJ MARYI PANNY <\/u>\u2013 <b>15 sierpie\u0144<\/b><\/span><\/span><\/p><p><span style=\"font-family: Times New Roman, serif;\"><span style=\"font-size: large;\"><span style=\"color: #333399;\"><b>O<\/b><b>d<\/b><\/span><b><span style=\"color: #333399;\">pust w kaplicy na Poniku:<\/span> &#8211; &#8211; <\/b><u>\u015aw. Jan Nepomucen &#8211;<\/u> <b>21 maj<\/b><\/span><\/span><\/p><p><span style=\"font-family: Times New Roman, serif;\"><span style=\"font-size: large;\"><b><span style=\"color: #333399;\">Doba Eucharystyczna \u2013 15 lipiec<\/span> <\/b><\/span><\/span><\/p><p><span style=\"font-family: Times New Roman, serif;\"><span style=\"font-size: large;\"><b>W okresie letnim w tygodniu &#8211; codzienna adoracja Naj\u015bwi\u0119tszego Sakramentu &#8211; <\/b><\/span><\/span><span style=\"font-family: Times New Roman, serif;\"><span style=\"font-size: large;\"><b>Godz. 07.00<\/b><b> \u2013 <\/b><b>17.30<\/b><\/span><\/span><\/p><p><span style=\"font-family: Times New Roman, serif;\"><span style=\"font-size: large;\"><b>MODLITWA W INTENCJI POWO\u0141A\u0143 KAP\u0141A\u0143SKICH I ZAKONNYCH W KA\u017bD\u0104 SOBOT\u0118 PRZED MSZ<\/b><b>\u0104<\/b><b> \u015aWI\u0118T\u0104 <\/b><b>WIECZORN\u0104\u00a0\u00a0\u00a0\u00a0\u00a0\u00a0\u00a0\u00a0\u00a0\u00a0\u00a0\u00a0\u00a0\u00a0\u00a0\u00a0\u00a0\u00a0\u00a0\u00a0\u00a0\u00a0\u00a0\u00a0\u00a0\u00a0\u00a0\u00a0\u00a0\u00a0\u00a0\u00a0\u00a0\u00a0\u00a0\u00a0\u00a0\u00a0\u00a0\u00a0\u00a0\u00a0\u00a0\u00a0\u00a0\u00a0\u00a0\u00a0\u00a0\u00a0\u00a0\u00a0\u00a0\u00a0\u00a0\u00a0\u00a0\u00a0\u00a0\u00a0\u00a0\u00a0\u00a0\u00a0\u00a0\u00a0\u00a0\u00a0\u00a0\u00a0\u00a0\u00a0\u00a0\u00a0\u00a0\u00a0\u00a0\u00a0\u00a0\u00a0\u00a0\u00a0\u00a0\u00a0\u00a0\u00a0\u00a0\u00a0\u00a0\u00a0\u00a0\u00a0\u00a0\u00a0 <\/b><\/span><\/span><span style=\"font-family: Times New Roman, serif;\"><span style=\"font-size: large;\"><i><b>\/ Przy wystawionym Naj\u015bwi\u0119tszym Sakramencie \/<\/b><\/i><\/span><\/span><\/p><p><span style=\"font-family: Times New Roman, serif;\"><span style=\"font-size: large;\"><b><span style=\"color: #333399;\">Miejscowo\u015bci przynale\u017c\u0105ce do parafii:<\/span>\u00a0\u00a0\u00a0\u00a0\u00a0\u00a0\u00a0\u00a0\u00a0\u00a0\u00a0\u00a0\u00a0\u00a0\u00a0\u00a0\u00a0\u00a0\u00a0\u00a0\u00a0\u00a0\u00a0\u00a0\u00a0\u00a0\u00a0\u00a0\u00a0\u00a0\u00a0\u00a0\u00a0\u00a0\u00a0\u00a0\u00a0\u00a0\u00a0\u00a0\u00a0\u00a0\u00a0\u00a0\u00a0\u00a0\u00a0 <\/b><\/span><\/span><span style=\"font-family: Times New Roman, serif;\"><span style=\"font-size: large;\">Jan\u00f3w, Ponik, \u015amiertny D\u0105b, Piasek, Czepurka, Skowron\u00f3w.<\/span><\/span><\/p><p>\u00a0<\/p><p><span style=\"font-family: Times New Roman, serif; color: #333399;\"><span style=\"font-size: large;\"><b>Instytucje obj\u0119te pastoraln\u0105 opiek\u0105:<\/b><\/span><\/span><\/p><p><span style=\"font-family: Times New Roman, serif;\"><span style=\"font-size: large;\">&#8211; Zesp\u00f3\u0142 Plac\u00f3wek O\u015bwiatowych w Janowie, ul. Szkolna 2, tel. 343278009<\/span><\/span><\/p><p><span style=\"font-family: Times New Roman, serif;\"><span style=\"font-size: large;\">&#8211; Szko\u0142a Podstawowa w Piasku, ul. \u017burawska 1, tel 343278531<\/span><\/span><\/p>\t\t\t\t\t\t\t\t<\/div>\n\t\t\t\t<\/div>\n\t\t\t\t\t<\/div>\n\t\t<\/div>\n\t\t\t\t\t<\/div>\n\t\t<\/section>\n\t\t\t\t<\/div>\n\t\t","protected":false},"excerpt":{"rendered":"<p>Informacje uzupe\u0142niaj\u0105ce o parafii. G\u0142\u00f3wny odpust parafii, ko\u015bci\u00f3\u0142 w Janowie:\u00a0\u00a0\u00a0\u00a0\u00a0\u00a0\u00a0\u00a0\u00a0\u00a0\u00a0\u00a0\u00a0\u00a0\u00a0\u00a0\u00a0\u00a0\u00a0\u00a0\u00a0\u00a0\u00a0\u00a0\u00a0\u00a0\u00a0\u00a0\u00a0\u00a0\u00a0\u00a0\u00a0\u00a0\u00a0\u00a0\u00a0\u00a0\u00a0\u00a0\u00a0\u00a0\u00a0\u00a0\u00a0\u00a0\u00a0\u00a0 \u2013 UROCZYSTO\u015a\u0106 NIEPOKALANEGO POCZ\u0118CIA NAJ\u015aWI\u0118TSZEJ MARYI PANNY &#8211; 08 grudzie\u0144 Odpust w kaplicy w Piasku:\u00a0\u00a0\u00a0\u00a0\u00a0\u00a0\u00a0\u00a0\u00a0\u00a0\u00a0\u00a0\u00a0\u00a0\u00a0\u00a0\u00a0\u00a0\u00a0\u00a0\u00a0\u00a0\u00a0\u00a0\u00a0\u00a0\u00a0\u00a0\u00a0\u00a0\u00a0\u00a0\u00a0\u00a0\u00a0\u00a0\u00a0\u00a0\u00a0\u00a0\u00a0\u00a0\u00a0\u00a0 \u2013 UROCZYSTO\u015a\u0106 \u015aWI\u0118TEGO STANIS\u0141AWA BISKUPA I M\u0118CZENNIKA \u2013 08 maj Odpust w kaplicy w Skowronowie:\u00a0\u00a0\u00a0\u00a0\u00a0\u00a0\u00a0\u00a0\u00a0\u00a0\u00a0\u00a0\u00a0\u00a0\u00a0\u00a0\u00a0\u00a0\u00a0\u00a0\u00a0\u00a0\u00a0\u00a0\u00a0\u00a0\u00a0\u00a0\u00a0\u00a0\u00a0\u00a0\u00a0\u00a0 &#8211; UROCZYSTO\u015a\u0106 WNIEBOWZI\u0118CIA NAJ\u015aWI\u0118TSZEJ MARYI PANNY \u2013 15 sierpie\u0144 Odpust w kaplicy na Poniku: &#8211; &#8230; <span class=\"more\"><a class=\"more-link\" href=\"https:\/\/parafia-janow.pl\/index.php\/inne\/\">[Read more&#8230;]<\/a><\/span><\/p>\n","protected":false},"author":2,"featured_media":0,"parent":0,"menu_order":0,"comment_status":"closed","ping_status":"closed","template":"","meta":{"footnotes":""},"class_list":["entry","page","publish","author-parafia","post-508"],"_links":{"self":[{"href":"https:\/\/parafia-janow.pl\/index.php\/wp-json\/wp\/v2\/pages\/508","targetHints":{"allow":["GET"]}}],"collection":[{"href":"https:\/\/parafia-janow.pl\/index.php\/wp-json\/wp\/v2\/pages"}],"about":[{"href":"https:\/\/parafia-janow.pl\/index.php\/wp-json\/wp\/v2\/types\/page"}],"author":[{"embeddable":true,"href":"https:\/\/parafia-janow.pl\/index.php\/wp-json\/wp\/v2\/users\/2"}],"replies":[{"embeddable":true,"href":"https:\/\/parafia-janow.pl\/index.php\/wp-json\/wp\/v2\/comments?post=508"}],"version-history":[{"count":0,"href":"https:\/\/parafia-janow.pl\/index.php\/wp-json\/wp\/v2\/pages\/508\/revisions"}],"wp:attachment":[{"href":"https:\/\/parafia-janow.pl\/index.php\/wp-json\/wp\/v2\/media?parent=508"}],"curies":[{"name":"wp","href":"https:\/\/api.w.org\/{rel}","templated":true}]}}