{"id":4420,"date":"2024-08-16T14:31:02","date_gmt":"2024-08-16T12:31:02","guid":{"rendered":"https:\/\/parafia-janow.pl\/?page_id=4420"},"modified":"2024-11-27T19:48:50","modified_gmt":"2024-11-27T18:48:50","slug":"standardy-ochrony-maloletnich-w-parafii-w-janowie","status":"publish","type":"page","link":"https:\/\/parafia-janow.pl\/index.php\/standardy-ochrony-maloletnich-w-parafii-w-janowie\/","title":{"rendered":"STANDARDY OCHRONY MA\u0141OLETNICH  W PARAFII W JANOWIE"},"content":{"rendered":"\t\t<div data-elementor-type=\"wp-page\" data-elementor-id=\"4420\" class=\"elementor elementor-4420\" data-elementor-post-type=\"page\">\n\t\t\t\t\t\t<section class=\"elementor-section elementor-top-section elementor-element elementor-element-d46576d elementor-section-boxed elementor-section-height-default elementor-section-height-default\" data-id=\"d46576d\" data-element_type=\"section\" data-e-type=\"section\">\n\t\t\t\t\t\t<div class=\"elementor-container elementor-column-gap-default\">\n\t\t\t\t\t<div class=\"elementor-column elementor-col-100 elementor-top-column elementor-element elementor-element-ad50676\" data-id=\"ad50676\" data-element_type=\"column\" data-e-type=\"column\">\n\t\t\t<div class=\"elementor-widget-wrap elementor-element-populated\">\n\t\t\t\t\t\t<div class=\"elementor-element elementor-element-54f8252 elementor-widget elementor-widget-text-editor\" data-id=\"54f8252\" data-element_type=\"widget\" data-e-type=\"widget\" data-widget_type=\"text-editor.default\">\n\t\t\t\t<div class=\"elementor-widget-container\">\n\t\t\t\t\t\t\t\t\t<p>STANDARDY OCHRONY MA\u0141OLETNICH W PARAFII\u00a0 NIEPOKALANEGO POCZ\u0118CIA NMP W JANOWIE pe\u0142ny dokument &#8211; wz\u00f3r do pobrania: <a href=\"https:\/\/parafia-janow.pl\/wp-content\/uploads\/2024\/11\/STANDARDY_OCHRONY_MALOLETNICH_W_PARAFII_pw_NIEPOKALANEGO_POCZECIA_NMP_W_JANOWIE.pdf\">Standardy_ochrony_ma\u0142oletnich.pdf<\/a>\u00a0 Orgina\u0142 z uzupe\u0142nionymi za\u0142\u0105cznikami znajduje si\u0119 w zakrystii ko\u015bcio\u0142a.<\/p><p>\u00a0<\/p>\t\t\t\t\t\t\t\t<\/div>\n\t\t\t\t<\/div>\n\t\t\t\t\t<\/div>\n\t\t<\/div>\n\t\t\t\t\t<\/div>\n\t\t<\/section>\n\t\t\t\t<section class=\"elementor-section elementor-top-section elementor-element elementor-element-230666b elementor-section-boxed elementor-section-height-default elementor-section-height-default\" data-id=\"230666b\" data-element_type=\"section\" data-e-type=\"section\">\n\t\t\t\t\t\t<div class=\"elementor-container elementor-column-gap-default\">\n\t\t\t\t\t<div class=\"elementor-column elementor-col-100 elementor-top-column elementor-element elementor-element-3ad053a\" data-id=\"3ad053a\" data-element_type=\"column\" data-e-type=\"column\">\n\t\t\t<div class=\"elementor-widget-wrap elementor-element-populated\">\n\t\t\t\t\t\t<div class=\"elementor-element elementor-element-fe67c29 elementor-widget elementor-widget-image\" data-id=\"fe67c29\" data-element_type=\"widget\" data-e-type=\"widget\" data-widget_type=\"image.default\">\n\t\t\t\t<div class=\"elementor-widget-container\">\n\t\t\t\t\t\t\t\t\t\t\t\t\t\t\t<img fetchpriority=\"high\" decoding=\"async\" width=\"300\" height=\"212\" src=\"https:\/\/parafia-janow.pl\/wp-content\/uploads\/2024\/11\/Kopia-\u2013-ochrona-dzieci-1-300x212.jpg\" class=\"attachment-medium size-medium wp-image-4836\" alt=\"\" srcset=\"https:\/\/parafia-janow.pl\/wp-content\/uploads\/2024\/11\/Kopia-\u2013-ochrona-dzieci-1-300x212.jpg 300w, https:\/\/parafia-janow.pl\/wp-content\/uploads\/2024\/11\/Kopia-\u2013-ochrona-dzieci-1-1024x724.jpg 1024w, https:\/\/parafia-janow.pl\/wp-content\/uploads\/2024\/11\/Kopia-\u2013-ochrona-dzieci-1-768x543.jpg 768w, https:\/\/parafia-janow.pl\/wp-content\/uploads\/2024\/11\/Kopia-\u2013-ochrona-dzieci-1-1536x1086.jpg 1536w, https:\/\/parafia-janow.pl\/wp-content\/uploads\/2024\/11\/Kopia-\u2013-ochrona-dzieci-1.jpg 1754w\" sizes=\"(max-width: 300px) 100vw, 300px\" \/>\t\t\t\t\t\t\t\t\t\t\t\t\t\t\t<\/div>\n\t\t\t\t<\/div>\n\t\t\t\t\t<\/div>\n\t\t<\/div>\n\t\t\t\t\t<\/div>\n\t\t<\/section>\n\t\t\t\t<section class=\"elementor-section elementor-top-section elementor-element elementor-element-0cee419 elementor-section-boxed elementor-section-height-default elementor-section-height-default\" data-id=\"0cee419\" data-element_type=\"section\" data-e-type=\"section\">\n\t\t\t\t\t\t<div class=\"elementor-container elementor-column-gap-default\">\n\t\t\t\t\t<div class=\"elementor-column elementor-col-100 elementor-top-column elementor-element elementor-element-29ad872\" data-id=\"29ad872\" data-element_type=\"column\" data-e-type=\"column\">\n\t\t\t<div class=\"elementor-widget-wrap elementor-element-populated\">\n\t\t\t\t\t\t<div class=\"elementor-element elementor-element-0a19427 elementor-widget elementor-widget-image\" data-id=\"0a19427\" data-element_type=\"widget\" data-e-type=\"widget\" data-widget_type=\"image.default\">\n\t\t\t\t<div class=\"elementor-widget-container\">\n\t\t\t\t\t\t\t\t\t\t\t\t\t\t\t<img decoding=\"async\" width=\"700\" height=\"495\" data-src=\"https:\/\/parafia-janow.pl\/wp-content\/uploads\/2024\/11\/Kopia-\u2013-ochrona-dzieci-1-2-1024x724.jpg\" class=\"attachment-large size-large wp-image-4837 lazyload\" alt=\"\" data-srcset=\"https:\/\/parafia-janow.pl\/wp-content\/uploads\/2024\/11\/Kopia-\u2013-ochrona-dzieci-1-2-1024x724.jpg 1024w, https:\/\/parafia-janow.pl\/wp-content\/uploads\/2024\/11\/Kopia-\u2013-ochrona-dzieci-1-2-300x212.jpg 300w, https:\/\/parafia-janow.pl\/wp-content\/uploads\/2024\/11\/Kopia-\u2013-ochrona-dzieci-1-2-768x543.jpg 768w, https:\/\/parafia-janow.pl\/wp-content\/uploads\/2024\/11\/Kopia-\u2013-ochrona-dzieci-1-2-1536x1086.jpg 1536w, https:\/\/parafia-janow.pl\/wp-content\/uploads\/2024\/11\/Kopia-\u2013-ochrona-dzieci-1-2.jpg 1754w\" data-sizes=\"(max-width: 700px) 100vw, 700px\" src=\"data:image\/svg+xml;base64,PHN2ZyB3aWR0aD0iMSIgaGVpZ2h0PSIxIiB4bWxucz0iaHR0cDovL3d3dy53My5vcmcvMjAwMC9zdmciPjwvc3ZnPg==\" style=\"--smush-placeholder-width: 700px; --smush-placeholder-aspect-ratio: 700\/495;\" \/>\t\t\t\t\t\t\t\t\t\t\t\t\t\t\t<\/div>\n\t\t\t\t<\/div>\n\t\t\t\t<div class=\"elementor-element elementor-element-36041d1 elementor-widget elementor-widget-image\" data-id=\"36041d1\" data-element_type=\"widget\" data-e-type=\"widget\" data-widget_type=\"image.default\">\n\t\t\t\t<div class=\"elementor-widget-container\">\n\t\t\t\t\t\t\t\t\t\t\t\t\t\t\t<img decoding=\"async\" width=\"700\" height=\"495\" data-src=\"https:\/\/parafia-janow.pl\/wp-content\/uploads\/2024\/11\/Kopia-\u2013-ochrona-dzieci-1-3-1024x724.jpg\" class=\"attachment-large size-large wp-image-4838 lazyload\" alt=\"\" data-srcset=\"https:\/\/parafia-janow.pl\/wp-content\/uploads\/2024\/11\/Kopia-\u2013-ochrona-dzieci-1-3-1024x724.jpg 1024w, https:\/\/parafia-janow.pl\/wp-content\/uploads\/2024\/11\/Kopia-\u2013-ochrona-dzieci-1-3-300x212.jpg 300w, https:\/\/parafia-janow.pl\/wp-content\/uploads\/2024\/11\/Kopia-\u2013-ochrona-dzieci-1-3-768x543.jpg 768w, https:\/\/parafia-janow.pl\/wp-content\/uploads\/2024\/11\/Kopia-\u2013-ochrona-dzieci-1-3-1536x1086.jpg 1536w, https:\/\/parafia-janow.pl\/wp-content\/uploads\/2024\/11\/Kopia-\u2013-ochrona-dzieci-1-3.jpg 1754w\" data-sizes=\"(max-width: 700px) 100vw, 700px\" src=\"data:image\/svg+xml;base64,PHN2ZyB3aWR0aD0iMSIgaGVpZ2h0PSIxIiB4bWxucz0iaHR0cDovL3d3dy53My5vcmcvMjAwMC9zdmciPjwvc3ZnPg==\" style=\"--smush-placeholder-width: 700px; --smush-placeholder-aspect-ratio: 700\/495;\" \/>\t\t\t\t\t\t\t\t\t\t\t\t\t\t\t<\/div>\n\t\t\t\t<\/div>\n\t\t\t\t<div class=\"elementor-element elementor-element-68b6d79 elementor-widget elementor-widget-image\" data-id=\"68b6d79\" data-element_type=\"widget\" data-e-type=\"widget\" data-widget_type=\"image.default\">\n\t\t\t\t<div class=\"elementor-widget-container\">\n\t\t\t\t\t\t\t\t\t\t\t\t\t\t\t<img decoding=\"async\" width=\"700\" height=\"495\" data-src=\"https:\/\/parafia-janow.pl\/wp-content\/uploads\/2024\/11\/Kopia-\u2013-ochrona-dzieci-1-4-1024x724.jpg\" class=\"attachment-large size-large wp-image-4839 lazyload\" alt=\"\" data-srcset=\"https:\/\/parafia-janow.pl\/wp-content\/uploads\/2024\/11\/Kopia-\u2013-ochrona-dzieci-1-4-1024x724.jpg 1024w, https:\/\/parafia-janow.pl\/wp-content\/uploads\/2024\/11\/Kopia-\u2013-ochrona-dzieci-1-4-300x212.jpg 300w, https:\/\/parafia-janow.pl\/wp-content\/uploads\/2024\/11\/Kopia-\u2013-ochrona-dzieci-1-4-768x543.jpg 768w, https:\/\/parafia-janow.pl\/wp-content\/uploads\/2024\/11\/Kopia-\u2013-ochrona-dzieci-1-4-1536x1086.jpg 1536w, https:\/\/parafia-janow.pl\/wp-content\/uploads\/2024\/11\/Kopia-\u2013-ochrona-dzieci-1-4.jpg 1754w\" data-sizes=\"(max-width: 700px) 100vw, 700px\" src=\"data:image\/svg+xml;base64,PHN2ZyB3aWR0aD0iMSIgaGVpZ2h0PSIxIiB4bWxucz0iaHR0cDovL3d3dy53My5vcmcvMjAwMC9zdmciPjwvc3ZnPg==\" style=\"--smush-placeholder-width: 700px; --smush-placeholder-aspect-ratio: 700\/495;\" \/>\t\t\t\t\t\t\t\t\t\t\t\t\t\t\t<\/div>\n\t\t\t\t<\/div>\n\t\t\t\t<div class=\"elementor-element elementor-element-e8499f4 elementor-widget elementor-widget-image\" data-id=\"e8499f4\" data-element_type=\"widget\" data-e-type=\"widget\" data-widget_type=\"image.default\">\n\t\t\t\t<div class=\"elementor-widget-container\">\n\t\t\t\t\t\t\t\t\t\t\t\t\t\t\t<img decoding=\"async\" width=\"700\" height=\"495\" data-src=\"https:\/\/parafia-janow.pl\/wp-content\/uploads\/2024\/11\/Kopia-\u2013-ochrona-dzieci-1-5-1024x724.jpg\" class=\"attachment-large size-large wp-image-4840 lazyload\" alt=\"\" data-srcset=\"https:\/\/parafia-janow.pl\/wp-content\/uploads\/2024\/11\/Kopia-\u2013-ochrona-dzieci-1-5-1024x724.jpg 1024w, https:\/\/parafia-janow.pl\/wp-content\/uploads\/2024\/11\/Kopia-\u2013-ochrona-dzieci-1-5-300x212.jpg 300w, https:\/\/parafia-janow.pl\/wp-content\/uploads\/2024\/11\/Kopia-\u2013-ochrona-dzieci-1-5-768x543.jpg 768w, https:\/\/parafia-janow.pl\/wp-content\/uploads\/2024\/11\/Kopia-\u2013-ochrona-dzieci-1-5-1536x1086.jpg 1536w, https:\/\/parafia-janow.pl\/wp-content\/uploads\/2024\/11\/Kopia-\u2013-ochrona-dzieci-1-5.jpg 1754w\" data-sizes=\"(max-width: 700px) 100vw, 700px\" src=\"data:image\/svg+xml;base64,PHN2ZyB3aWR0aD0iMSIgaGVpZ2h0PSIxIiB4bWxucz0iaHR0cDovL3d3dy53My5vcmcvMjAwMC9zdmciPjwvc3ZnPg==\" style=\"--smush-placeholder-width: 700px; --smush-placeholder-aspect-ratio: 700\/495;\" \/>\t\t\t\t\t\t\t\t\t\t\t\t\t\t\t<\/div>\n\t\t\t\t<\/div>\n\t\t\t\t<div class=\"elementor-element elementor-element-f396fd5 elementor-widget elementor-widget-image\" data-id=\"f396fd5\" data-element_type=\"widget\" data-e-type=\"widget\" data-widget_type=\"image.default\">\n\t\t\t\t<div class=\"elementor-widget-container\">\n\t\t\t\t\t\t\t\t\t\t\t\t\t\t\t<img decoding=\"async\" width=\"700\" height=\"495\" data-src=\"https:\/\/parafia-janow.pl\/wp-content\/uploads\/2024\/11\/Kopia-\u2013-ochrona-dzieci-1-6-1024x724.jpg\" class=\"attachment-large size-large wp-image-4841 lazyload\" alt=\"\" data-srcset=\"https:\/\/parafia-janow.pl\/wp-content\/uploads\/2024\/11\/Kopia-\u2013-ochrona-dzieci-1-6-1024x724.jpg 1024w, https:\/\/parafia-janow.pl\/wp-content\/uploads\/2024\/11\/Kopia-\u2013-ochrona-dzieci-1-6-300x212.jpg 300w, https:\/\/parafia-janow.pl\/wp-content\/uploads\/2024\/11\/Kopia-\u2013-ochrona-dzieci-1-6-768x543.jpg 768w, https:\/\/parafia-janow.pl\/wp-content\/uploads\/2024\/11\/Kopia-\u2013-ochrona-dzieci-1-6-1536x1086.jpg 1536w, https:\/\/parafia-janow.pl\/wp-content\/uploads\/2024\/11\/Kopia-\u2013-ochrona-dzieci-1-6.jpg 1754w\" data-sizes=\"(max-width: 700px) 100vw, 700px\" src=\"data:image\/svg+xml;base64,PHN2ZyB3aWR0aD0iMSIgaGVpZ2h0PSIxIiB4bWxucz0iaHR0cDovL3d3dy53My5vcmcvMjAwMC9zdmciPjwvc3ZnPg==\" style=\"--smush-placeholder-width: 700px; --smush-placeholder-aspect-ratio: 700\/495;\" \/>\t\t\t\t\t\t\t\t\t\t\t\t\t\t\t<\/div>\n\t\t\t\t<\/div>\n\t\t\t\t<div class=\"elementor-element elementor-element-5125a92 elementor-widget elementor-widget-image\" data-id=\"5125a92\" data-element_type=\"widget\" data-e-type=\"widget\" data-widget_type=\"image.default\">\n\t\t\t\t<div class=\"elementor-widget-container\">\n\t\t\t\t\t\t\t\t\t\t\t\t\t\t\t<img decoding=\"async\" width=\"700\" height=\"495\" data-src=\"https:\/\/parafia-janow.pl\/wp-content\/uploads\/2024\/11\/Kopia-\u2013-ochrona-dzieci-1-7-1024x724.jpg\" class=\"attachment-large size-large wp-image-4842 lazyload\" alt=\"\" data-srcset=\"https:\/\/parafia-janow.pl\/wp-content\/uploads\/2024\/11\/Kopia-\u2013-ochrona-dzieci-1-7-1024x724.jpg 1024w, https:\/\/parafia-janow.pl\/wp-content\/uploads\/2024\/11\/Kopia-\u2013-ochrona-dzieci-1-7-300x212.jpg 300w, https:\/\/parafia-janow.pl\/wp-content\/uploads\/2024\/11\/Kopia-\u2013-ochrona-dzieci-1-7-768x543.jpg 768w, https:\/\/parafia-janow.pl\/wp-content\/uploads\/2024\/11\/Kopia-\u2013-ochrona-dzieci-1-7-1536x1086.jpg 1536w, https:\/\/parafia-janow.pl\/wp-content\/uploads\/2024\/11\/Kopia-\u2013-ochrona-dzieci-1-7.jpg 1754w\" data-sizes=\"(max-width: 700px) 100vw, 700px\" src=\"data:image\/svg+xml;base64,PHN2ZyB3aWR0aD0iMSIgaGVpZ2h0PSIxIiB4bWxucz0iaHR0cDovL3d3dy53My5vcmcvMjAwMC9zdmciPjwvc3ZnPg==\" style=\"--smush-placeholder-width: 700px; --smush-placeholder-aspect-ratio: 700\/495;\" \/>\t\t\t\t\t\t\t\t\t\t\t\t\t\t\t<\/div>\n\t\t\t\t<\/div>\n\t\t\t\t\t<\/div>\n\t\t<\/div>\n\t\t\t\t\t<\/div>\n\t\t<\/section>\n\t\t\t\t<section class=\"elementor-section elementor-top-section elementor-element elementor-element-a0ecc75 elementor-section-boxed elementor-section-height-default elementor-section-height-default\" data-id=\"a0ecc75\" data-element_type=\"section\" data-e-type=\"section\">\n\t\t\t\t\t\t<div class=\"elementor-container elementor-column-gap-default\">\n\t\t\t\t\t<div class=\"elementor-column elementor-col-100 elementor-top-column elementor-element elementor-element-d7352f4\" data-id=\"d7352f4\" data-element_type=\"column\" data-e-type=\"column\">\n\t\t\t<div class=\"elementor-widget-wrap\">\n\t\t\t\t\t\t\t<\/div>\n\t\t<\/div>\n\t\t\t\t\t<\/div>\n\t\t<\/section>\n\t\t\t\t<section class=\"elementor-section elementor-top-section elementor-element elementor-element-b816574 elementor-section-boxed elementor-section-height-default elementor-section-height-default\" data-id=\"b816574\" data-element_type=\"section\" data-e-type=\"section\">\n\t\t\t\t\t\t<div class=\"elementor-container elementor-column-gap-default\">\n\t\t\t\t\t<div class=\"elementor-column elementor-col-100 elementor-top-column elementor-element elementor-element-dcda029\" data-id=\"dcda029\" data-element_type=\"column\" data-e-type=\"column\">\n\t\t\t<div class=\"elementor-widget-wrap\">\n\t\t\t\t\t\t\t<\/div>\n\t\t<\/div>\n\t\t\t\t\t<\/div>\n\t\t<\/section>\n\t\t\t\t<\/div>\n\t\t","protected":false},"excerpt":{"rendered":"<p>STANDARDY OCHRONY MA\u0141OLETNICH W PARAFII\u00a0 NIEPOKALANEGO POCZ\u0118CIA NMP W JANOWIE pe\u0142ny dokument &#8211; wz\u00f3r do pobrania: Standardy_ochrony_ma\u0142oletnich.pdf\u00a0 Orgina\u0142 z uzupe\u0142nionymi za\u0142\u0105cznikami znajduje si\u0119 w zakrystii ko\u015bcio\u0142a. \u00a0<\/p>\n","protected":false},"author":2,"featured_media":0,"parent":0,"menu_order":0,"comment_status":"closed","ping_status":"closed","template":"elementor_header_footer","meta":{"footnotes":""},"class_list":["entry","page","publish","author-parafia","post-4420"],"_links":{"self":[{"href":"https:\/\/parafia-janow.pl\/index.php\/wp-json\/wp\/v2\/pages\/4420","targetHints":{"allow":["GET"]}}],"collection":[{"href":"https:\/\/parafia-janow.pl\/index.php\/wp-json\/wp\/v2\/pages"}],"about":[{"href":"https:\/\/parafia-janow.pl\/index.php\/wp-json\/wp\/v2\/types\/page"}],"author":[{"embeddable":true,"href":"https:\/\/parafia-janow.pl\/index.php\/wp-json\/wp\/v2\/users\/2"}],"replies":[{"embeddable":true,"href":"https:\/\/parafia-janow.pl\/index.php\/wp-json\/wp\/v2\/comments?post=4420"}],"version-history":[{"count":0,"href":"https:\/\/parafia-janow.pl\/index.php\/wp-json\/wp\/v2\/pages\/4420\/revisions"}],"wp:attachment":[{"href":"https:\/\/parafia-janow.pl\/index.php\/wp-json\/wp\/v2\/media?parent=4420"}],"curies":[{"name":"wp","href":"https:\/\/api.w.org\/{rel}","templated":true}]}}