{"id":2823,"date":"2022-09-11T18:52:33","date_gmt":"2022-09-11T16:52:33","guid":{"rendered":"http:\/\/parafia-janow.pl\/?page_id=2823"},"modified":"2026-08-30T00:22:08","modified_gmt":"2026-08-29T22:22:08","slug":"ogloszenia-duszpasterskie","status":"publish","type":"page","link":"https:\/\/parafia-janow.pl\/index.php\/aktualnosci\/ogloszenia-duszpasterskie\/","title":{"rendered":"Og\u0142oszenia duszpasterskie"},"content":{"rendered":"\t\t<div data-elementor-type=\"wp-page\" data-elementor-id=\"2823\" class=\"elementor elementor-2823\" data-elementor-post-type=\"page\">\n\t\t\t\t\t\t<section class=\"elementor-section elementor-top-section elementor-element elementor-element-51041ed elementor-section-boxed elementor-section-height-default elementor-section-height-default\" data-id=\"51041ed\" data-element_type=\"section\" data-e-type=\"section\">\n\t\t\t\t\t\t<div class=\"elementor-container elementor-column-gap-default\">\n\t\t\t\t\t<div class=\"elementor-column elementor-col-100 elementor-top-column elementor-element elementor-element-e039be4\" data-id=\"e039be4\" data-element_type=\"column\" data-e-type=\"column\">\n\t\t\t<div class=\"elementor-widget-wrap elementor-element-populated\">\n\t\t\t\t\t\t<div class=\"elementor-element elementor-element-adee246 elementor-widget__width-initial elementor-widget elementor-widget-text-editor\" data-id=\"adee246\" data-element_type=\"widget\" data-e-type=\"widget\" data-widget_type=\"text-editor.default\">\n\t\t\t\t<div class=\"elementor-widget-container\">\n\t\t\t\t\t\t\t\t\t<p><strong>OG\u0141OSZENIA DUSZPASTERSKIE NA XXII NIEDZIEL\u0118 ZWYK\u0141\u0104 06.09.2026 R.<\/strong><\/p>\n<p>Bardzo dzi\u0119kuj\u0119 wszystkim za obecno\u015b\u0107 na tej&nbsp; Eucharystii do\u017cynkowej, dzi\u0119kczynnej za tegoroczne zbiory.&nbsp; Dzi\u0119kuj\u0119 so\u0142ectwom z Janowa, Poniku, \u015amiertnego D\u0119bu,&nbsp; Piasku, Czepurki i Skowronowa.&nbsp; Ko\u0142om Gospody\u0144 Wiejskich ze Skowronowa, Czepurki, Piasku,&nbsp; &nbsp; &nbsp; &nbsp; &nbsp; &nbsp; &nbsp;Poniku, \/Janowianom\/ za zrobione wie\u0144ce do\u017cynkowe oraz obecno\u015b\u0107.<\/p>\n<p>Na r\u0119ce cz\u0142onk\u00f3w Rady Duszpasterskiej i Ekonomicznej, K\u00f3\u0142 Gospody\u0144 Wiejskich z poszczeg\u00f3lnych so\u0142ectw, osobom indywidualnym za przygotowanie tak\u017ce drugiej cz\u0119\u015bci do\u017cynek \u2013 Czyli Festynu Do\u017cynkowego na placu przy plebanii.&nbsp; Dzi\u0119kuj\u0119 za przygotowane posi\u0142ki, upieczone ciasta przygotowanie loterii i innych atrakcji, kt\u00f3re za chwile b\u0119dziemy mogli zobaczy\u0107.&nbsp; &nbsp; &nbsp; &nbsp; &nbsp; &nbsp; &nbsp; &nbsp; &nbsp; &nbsp; &nbsp; &nbsp; &nbsp; &nbsp; &nbsp; &nbsp; &nbsp; &nbsp; &nbsp; &nbsp; &nbsp; &nbsp; &nbsp; &nbsp; &nbsp; &nbsp; &nbsp; &nbsp; &nbsp; &nbsp; &nbsp; &nbsp; &nbsp; &nbsp; &nbsp; &nbsp; &nbsp; &nbsp; &nbsp; &nbsp; &nbsp; &nbsp; &nbsp; &nbsp; &nbsp; &nbsp; &nbsp; &nbsp; &nbsp; &nbsp; &nbsp; &nbsp; &nbsp; &nbsp; &nbsp; &nbsp; &nbsp; &nbsp; M\u0119\u017cczyznom dzi\u0119kuj\u0119 za przygotowanie placu przy plebanii do festynu, osobom, kt\u00f3re posprz\u0105ta\u0142y plac przy ko\u015bciele, pa\u0144stwu Ucieklakom za bale s\u0142omy, &nbsp;na r\u0119ce pani Ma\u0142gorzaty Gruca za dekoracje przed ko\u015bcio\u0142em.<\/p>\n<p>Dzi\u0119kuj\u0119 za okazan\u0105 pomoc Urz\u0119dowi Miasta i Gminy Jan\u00f3w na r\u0119ce burmistrza pana Edwarda Moskalika oraz pani Anecie Grzywna dyrektor SOKiS-u w Janowie. Dzi\u0119kuj\u0119 druhom OSP Jan\u00f3w za pomoc w przygotowaniu miejsca zabawy dla dzieci na r\u0119ce prezesa pana Janusza Solaka.&nbsp;&nbsp;&nbsp;&nbsp;&nbsp;&nbsp;&nbsp;&nbsp;&nbsp;&nbsp;&nbsp;&nbsp;&nbsp;&nbsp;&nbsp;&nbsp;&nbsp;&nbsp;&nbsp;&nbsp;&nbsp;&nbsp;&nbsp;&nbsp;&nbsp;&nbsp;&nbsp;&nbsp;&nbsp;&nbsp;&nbsp;&nbsp;&nbsp;&nbsp;&nbsp;&nbsp;&nbsp;&nbsp;&nbsp; &nbsp;&nbsp;&nbsp;&nbsp;&nbsp;&nbsp;&nbsp;&nbsp;&nbsp;&nbsp;&nbsp;&nbsp;&nbsp;&nbsp;&nbsp;&nbsp;&nbsp;&nbsp;&nbsp;&nbsp;&nbsp;&nbsp;&nbsp;&nbsp;&nbsp;&nbsp;<\/p>\n<p>Pocz\u0105tek festynu zaraz po zako\u0144czonej Mszy \u015bw., gdzie b\u0119dziemy mogli zje\u015b\u0107 r\u00f3\u017cne smaczne potrawy oraz dos\u0142ownie niedzielny obiad, loteria fantowa od godziny 13.00, losowanie g\u0142\u00f3wnej nagrody i innych nagr\u00f3d o godz. 18.00. G\u0142\u00f3wna nagroda to voucher do Galerii za 1000 z\u0142., i mniejsze vouchery, kosiarka, sprz\u0119t AGD&nbsp; wiele innych, b\u0119d\u0105 tak\u017ce ro\u017cne licytacje od 15.00 co p\u00f3\u0142 godziny. Wiele atrakcji dla dzieci, kt\u00f3re tak\u017ce serdecznie zapraszamy.<\/p>\n<p>Dzi\u0119kuj\u0119 wszystkim ofiarodawcom, sponsorom \u2013 za ufundowanie fant\u00f3w oraz nagr\u00f3d.<\/p>\n<p>W tym tygodniu przypada I czwartek, pi\u0105tek i sobota miesi\u0105ca. Odwiedziny chorych w pi\u0105tek od godz. 08.00; spowied\u017a popo\u0142udniowa od godz. 16.30. W tym miejscu zapraszam dzieci \u017ceby skorzysta\u0142y sobie z sakramentu pokuty, na pocz\u0105tku nowego roku szkolnego&nbsp; &nbsp; &nbsp; &nbsp; &nbsp; &nbsp; &nbsp; &nbsp; &nbsp; &nbsp; Nabo\u017ce\u0144stwo pierwszej soboty o godz. 07.00. Tak\u017ce &nbsp;mo\u017cliwo\u015b\u0107 sakramentu pokuty przed Msz\u0105 \u015bw.<\/p>\n<p>W najbli\u017csz\u0105 niedziel\u0119 na o godz. 11.30 Msza \u015bw. na rozpocz\u0119cie Nowego Rok Szkolnego.&nbsp; &nbsp; W spos\u00f3b szczeg\u00f3lny zapraszam dzieci klas I oraz inne ch\u0119tne dzieci \u2013 b\u0119dzie po\u015bwi\u0119cenie tornistr\u00f3w i plecak\u00f3w<\/p>\t\t\t\t\t\t\t\t<\/div>\n\t\t\t\t<\/div>\n\t\t\t\t\t<\/div>\n\t\t<\/div>\n\t\t\t\t\t<\/div>\n\t\t<\/section>\n\t\t\t\t<section class=\"elementor-section elementor-top-section elementor-element elementor-element-52a8f0a elementor-section-boxed elementor-section-height-default elementor-section-height-default\" data-id=\"52a8f0a\" data-element_type=\"section\" data-e-type=\"section\">\n\t\t\t\t\t\t<div class=\"elementor-container elementor-column-gap-default\">\n\t\t\t\t\t<div class=\"elementor-column elementor-col-100 elementor-top-column elementor-element elementor-element-59528b6\" data-id=\"59528b6\" data-element_type=\"column\" data-e-type=\"column\">\n\t\t\t<div class=\"elementor-widget-wrap elementor-element-populated\">\n\t\t\t\t\t\t\t<\/div>\n\t\t<\/div>\n\t\t\t\t\t<\/div>\n\t\t<\/section>\n\t\t\t\t<\/div>\n\t\t","protected":false},"excerpt":{"rendered":"<p>OG\u0141OSZENIA DUSZPASTERSKIE NA XXII NIEDZIEL\u0118 ZWYK\u0141\u0104 06.09.2026 R. Bardzo dzi\u0119kuj\u0119 wszystkim za obecno\u015b\u0107 na tej&nbsp; Eucharystii do\u017cynkowej, dzi\u0119kczynnej za tegoroczne zbiory.&nbsp; Dzi\u0119kuj\u0119 so\u0142ectwom z Janowa, Poniku, \u015amiertnego D\u0119bu,&nbsp; Piasku, Czepurki i Skowronowa.&nbsp; Ko\u0142om Gospody\u0144 Wiejskich ze Skowronowa, Czepurki, Piasku,&nbsp; &nbsp; &nbsp; &nbsp; &nbsp; &nbsp; &nbsp;Poniku, \/Janowianom\/ za zrobione wie\u0144ce do\u017cynkowe oraz obecno\u015b\u0107. Na r\u0119ce cz\u0142onk\u00f3w &#8230; <span class=\"more\"><a class=\"more-link\" href=\"https:\/\/parafia-janow.pl\/index.php\/aktualnosci\/ogloszenia-duszpasterskie\/\">[Read more&#8230;]<\/a><\/span><\/p>\n","protected":false},"author":2,"featured_media":0,"parent":140,"menu_order":0,"comment_status":"closed","ping_status":"closed","template":"page-full-width.php","meta":{"footnotes":""},"class_list":["entry","page","publish","author-parafia","post-2823"],"_links":{"self":[{"href":"https:\/\/parafia-janow.pl\/index.php\/wp-json\/wp\/v2\/pages\/2823","targetHints":{"allow":["GET"]}}],"collection":[{"href":"https:\/\/parafia-janow.pl\/index.php\/wp-json\/wp\/v2\/pages"}],"about":[{"href":"https:\/\/parafia-janow.pl\/index.php\/wp-json\/wp\/v2\/types\/page"}],"author":[{"embeddable":true,"href":"https:\/\/parafia-janow.pl\/index.php\/wp-json\/wp\/v2\/users\/2"}],"replies":[{"embeddable":true,"href":"https:\/\/parafia-janow.pl\/index.php\/wp-json\/wp\/v2\/comments?post=2823"}],"version-history":[{"count":90,"href":"https:\/\/parafia-janow.pl\/index.php\/wp-json\/wp\/v2\/pages\/2823\/revisions"}],"predecessor-version":[{"id":6623,"href":"https:\/\/parafia-janow.pl\/index.php\/wp-json\/wp\/v2\/pages\/2823\/revisions\/6623"}],"up":[{"embeddable":true,"href":"https:\/\/parafia-janow.pl\/index.php\/wp-json\/wp\/v2\/pages\/140"}],"wp:attachment":[{"href":"https:\/\/parafia-janow.pl\/index.php\/wp-json\/wp\/v2\/media?parent=2823"}],"curies":[{"name":"wp","href":"https:\/\/api.w.org\/{rel}","templated":true}]}}