{"id":263,"date":"2021-04-15T20:08:02","date_gmt":"2021-04-15T18:08:02","guid":{"rendered":"http:\/\/parafia-janow.pl\/?page_id=263"},"modified":"2024-02-25T20:00:00","modified_gmt":"2024-02-25T19:00:00","slug":"scholka-2","status":"publish","type":"page","link":"https:\/\/parafia-janow.pl\/index.php\/parafia\/scholka-2\/","title":{"rendered":"SCHOLKA PARAFII"},"content":{"rendered":"\t\t<div data-elementor-type=\"wp-page\" data-elementor-id=\"263\" class=\"elementor elementor-263\" data-elementor-post-type=\"page\">\n\t\t\t\t\t\t<section class=\"elementor-section elementor-top-section elementor-element elementor-element-81e8495 elementor-section-boxed elementor-section-height-default elementor-section-height-default\" data-id=\"81e8495\" data-element_type=\"section\" data-e-type=\"section\">\n\t\t\t\t\t\t<div class=\"elementor-container elementor-column-gap-default\">\n\t\t\t\t\t<div class=\"elementor-column elementor-col-100 elementor-top-column elementor-element elementor-element-9b9ca5b\" data-id=\"9b9ca5b\" data-element_type=\"column\" data-e-type=\"column\">\n\t\t\t<div class=\"elementor-widget-wrap elementor-element-populated\">\n\t\t\t\t\t\t<div class=\"elementor-element elementor-element-adab2ec elementor-widget elementor-widget-heading\" data-id=\"adab2ec\" data-element_type=\"widget\" data-e-type=\"widget\" data-widget_type=\"heading.default\">\n\t\t\t\t<div class=\"elementor-widget-container\">\n\t\t\t\t\t<h3 class=\"elementor-heading-title elementor-size-default\">SCHOLKA PARAFII \nPW. NIEPOKALANEGO POCZ\u0118CIA NMP. W JANOWIE<\/h3>\t\t\t\t<\/div>\n\t\t\t\t<\/div>\n\t\t\t\t\t<\/div>\n\t\t<\/div>\n\t\t\t\t\t<\/div>\n\t\t<\/section>\n\t\t\t\t<section class=\"elementor-section elementor-top-section elementor-element elementor-element-450228a elementor-section-boxed elementor-section-height-default elementor-section-height-default\" data-id=\"450228a\" data-element_type=\"section\" data-e-type=\"section\">\n\t\t\t\t\t\t<div class=\"elementor-container elementor-column-gap-default\">\n\t\t\t\t\t<div class=\"elementor-column elementor-col-100 elementor-top-column elementor-element elementor-element-f5069bd\" data-id=\"f5069bd\" data-element_type=\"column\" data-e-type=\"column\">\n\t\t\t<div class=\"elementor-widget-wrap\">\n\t\t\t\t\t\t\t<\/div>\n\t\t<\/div>\n\t\t\t\t\t<\/div>\n\t\t<\/section>\n\t\t\t\t<section class=\"elementor-section elementor-top-section elementor-element elementor-element-8fa977e elementor-section-boxed elementor-section-height-default elementor-section-height-default\" data-id=\"8fa977e\" data-element_type=\"section\" data-e-type=\"section\">\n\t\t\t\t\t\t<div class=\"elementor-container elementor-column-gap-default\">\n\t\t\t\t\t<div class=\"elementor-column elementor-col-100 elementor-top-column elementor-element elementor-element-ed3fe07\" data-id=\"ed3fe07\" data-element_type=\"column\" data-e-type=\"column\">\n\t\t\t<div class=\"elementor-widget-wrap elementor-element-populated\">\n\t\t\t\t\t\t\t<\/div>\n\t\t<\/div>\n\t\t\t\t\t<\/div>\n\t\t<\/section>\n\t\t\t\t<section class=\"elementor-section elementor-top-section elementor-element elementor-element-4bef16e elementor-section-boxed elementor-section-height-default elementor-section-height-default\" data-id=\"4bef16e\" data-element_type=\"section\" data-e-type=\"section\">\n\t\t\t\t\t\t<div class=\"elementor-container elementor-column-gap-default\">\n\t\t\t\t\t<div class=\"elementor-column elementor-col-100 elementor-top-column elementor-element elementor-element-a58a0ac\" data-id=\"a58a0ac\" data-element_type=\"column\" data-e-type=\"column\">\n\t\t\t<div class=\"elementor-widget-wrap elementor-element-populated\">\n\t\t\t\t\t\t<div class=\"elementor-element elementor-element-a6f0df2 elementor-widget elementor-widget-text-editor\" data-id=\"a6f0df2\" data-element_type=\"widget\" data-e-type=\"widget\" data-widget_type=\"text-editor.default\">\n\t\t\t\t<div class=\"elementor-widget-container\">\n\t\t\t\t\t\t\t\t\t<p>1. Agnieszka G\u00f3recka &#8211; prowadz\u0105ca (\u015bpiew, gitara)<\/p>\n<p>2. Stanis\u0142aw Brygu\u0142a &#8211; (gitara basowa)<\/p>\n<p>3. Janusz Bugaj &#8211; (perkusja)<\/p>\n<p>4. Karolina Ujma &#8211; (\u015bpiew)<\/p>\n<p>5. Agata Nabia\u0142ek<br><\/p>\n<p>6. Amelia Nabia\u0142ek<\/p>\n<p>7. Nikola Brygu\u0142a<\/p><p>8. Amelia Brygu\u0142a<br><\/p>\n<p>9. Martyna Stemplowska<br><\/p>\n<p>10. Weronika Ma\u0142aczek<br><\/p>\n<p>11. Maria G\u00f3recka<br><\/p>\n<p>12. Ada \u015aledzik<br><\/p>\n<p>13. Ada Bogunia<\/p>\n<p>15. Helena Trzaska<br><\/p>\n<p>16. Maria Trzaska<br><\/p>\n<p><br><\/p>\t\t\t\t\t\t\t\t<\/div>\n\t\t\t\t<\/div>\n\t\t\t\t\t<\/div>\n\t\t<\/div>\n\t\t\t\t\t<\/div>\n\t\t<\/section>\n\t\t\t\t<\/div>\n\t\t","protected":false},"excerpt":{"rendered":"<p>SCHOLKA PARAFII PW. NIEPOKALANEGO POCZ\u0118CIA NMP. W JANOWIE 1. Agnieszka G\u00f3recka &#8211; prowadz\u0105ca (\u015bpiew, gitara) 2. Stanis\u0142aw Brygu\u0142a &#8211; (gitara basowa) 3. Janusz Bugaj &#8211; (perkusja) 4. Karolina Ujma &#8211; (\u015bpiew) 5. Agata Nabia\u0142ek 6. Amelia Nabia\u0142ek 7. Nikola Brygu\u0142a 8. Amelia Brygu\u0142a 9. Martyna Stemplowska 10. Weronika Ma\u0142aczek 11. Maria G\u00f3recka 12. Ada \u015aledzik &#8230; <span class=\"more\"><a class=\"more-link\" href=\"https:\/\/parafia-janow.pl\/index.php\/parafia\/scholka-2\/\">[Read more&#8230;]<\/a><\/span><\/p>\n","protected":false},"author":2,"featured_media":0,"parent":68,"menu_order":0,"comment_status":"closed","ping_status":"closed","template":"","meta":{"footnotes":""},"class_list":["entry","page","publish","author-parafia","post-263"],"_links":{"self":[{"href":"https:\/\/parafia-janow.pl\/index.php\/wp-json\/wp\/v2\/pages\/263","targetHints":{"allow":["GET"]}}],"collection":[{"href":"https:\/\/parafia-janow.pl\/index.php\/wp-json\/wp\/v2\/pages"}],"about":[{"href":"https:\/\/parafia-janow.pl\/index.php\/wp-json\/wp\/v2\/types\/page"}],"author":[{"embeddable":true,"href":"https:\/\/parafia-janow.pl\/index.php\/wp-json\/wp\/v2\/users\/2"}],"replies":[{"embeddable":true,"href":"https:\/\/parafia-janow.pl\/index.php\/wp-json\/wp\/v2\/comments?post=263"}],"version-history":[{"count":0,"href":"https:\/\/parafia-janow.pl\/index.php\/wp-json\/wp\/v2\/pages\/263\/revisions"}],"up":[{"embeddable":true,"href":"https:\/\/parafia-janow.pl\/index.php\/wp-json\/wp\/v2\/pages\/68"}],"wp:attachment":[{"href":"https:\/\/parafia-janow.pl\/index.php\/wp-json\/wp\/v2\/media?parent=263"}],"curies":[{"name":"wp","href":"https:\/\/api.w.org\/{rel}","templated":true}]}}